{"id":215,"date":"2023-05-19T07:13:10","date_gmt":"2023-05-19T07:13:10","guid":{"rendered":"https:\/\/jesuitgeneral.org\/pedro-arrupe\/"},"modified":"2024-05-20T12:36:51","modified_gmt":"2024-05-20T12:36:51","slug":"pedro-arrupe","status":"publish","type":"page","link":"https:\/\/jesuitgeneral.org\/es\/pedro-arrupe\/","title":{"rendered":"Pedro Arrupe"},"content":{"rendered":"\n<section class=\"intro black invert p-top--medium p-bottom--medium\"><div class=\"container\">\n<div class=\"row\">\n<div class=\"col-12 col-l-8\">\n<p class=\"text text--display\">\u00abQuisiera conocerte como eres: tu imagen sobre m\u00ed bastar\u00e1 para cambiarme\u00bb<\/p>\n\n\n\n<figure class=\"wp-block-image size-full intro__signature\"><img loading=\"lazy\" decoding=\"async\" width=\"500\" height=\"159\" src=\"https:\/\/jesuitgeneral.org\/wp-content\/uploads\/2023\/05\/arrupe-signature.png\" alt=\"La firma del P. Pedro Arrupe SJ, 28&#xBA; Superior General de la Compa&#xF1;&#xED;a de Jes&#xFA;s (los jesuitas)\" class=\"wp-image-47\"\/><\/figure>\n<\/div>\n\n\n\n<div class=\"col-12 col-l-4\">\n<figure class=\"wp-block-image size-full intro__image\"><img loading=\"lazy\" decoding=\"async\" width=\"400\" height=\"580\" src=\"https:\/\/jesuitgeneral.org\/wp-content\/uploads\/2023\/05\/arrupe-prayer-1.jpg\" alt=\"El P. Pedro Arrupe SJ, 28&#xBA; Superior General de la Compa&#xF1;&#xED;a de Jes&#xFA;s (los jesuitas) en oraci&#xF3;n en la Curia General de los jesuitas en Roma\" class=\"wp-image-52\" srcset=\"https:\/\/jesuitgeneral.org\/wp-content\/uploads\/2023\/05\/arrupe-prayer-1.jpg 400w, https:\/\/jesuitgeneral.org\/wp-content\/uploads\/2023\/05\/arrupe-prayer-1-207x300.jpg 207w\" sizes=\"auto, (max-width: 400px) 100vw, 400px\" \/><\/figure>\n<\/div>\n<\/div>\n<\/div><\/section>\n\n<section class=\"p-top--large p-bottom--large\"><div class=\"container\">\n<div class=\"row row--center\">\n<div class=\"col-12 col-s-6 col-l-7 styled-content\">\n<h2 class=\"wp-block-heading\">Primeros a\u00f1os y vocaci\u00f3n<\/h2>\n\n\n\n<p>El Siervo de Dios Pedro Arrupe Gondra nace en Bilbao (Espa\u00f1a) el 14 de noviembre de 1907. Tras su bachillerato con los Escolapios, empieza en 1922 la carrera de Medicina en Valladolid, continu\u00e1ndolos despu\u00e9s en Madrid, con excelentes resultados, hasta 1927.<\/p>\n\n\n\n<p>En esta \u00faltima ciudad participa de la Conferencia de San Vicente de Pa\u00fal, acerc\u00e1ndose a barrios pobres y conociendo de primera mano situaciones de miseria y gran necesidad.<\/p>\n\n\n\n<p>Su formaci\u00f3n y temperamento le llevan a preguntarse por muchas cosas, como, por ejemplo, la enfermedad y la curaci\u00f3n f\u00edsica y espiritual de las personas. Tras una honda experiencia religiosa en agosto de 1926 en Lourdes (Francia), decide abandonar sus proyectos anteriores y entrar en la Compa\u00f1\u00eda de Jes\u00fas. Lo har\u00e1 en Loyola (Espa\u00f1a) el 15 de enero de 1927.<\/p>\n<\/div>\n<\/div>\n<\/div><\/section>\n\n<section class=\"grey-2 p-top--large p-bottom--large\"><div class=\"container\">\n<div class=\"row\">\n<div class=\"col-12 col-m-7 styled-content\">\n<h2 class=\"wp-block-heading\">Joven jesuita en Jap\u00f3n<\/h2>\n\n\n\n<p>Su formaci\u00f3n (1929-1938) tendr\u00e1 lugar en Espa\u00f1a (Loyola y O\u00f1a, antes de ser disuelta la Compa\u00f1\u00eda de Jes\u00fas en 1932), B\u00e9lgica (Marneffe), Holanda (Valkenburg) y Estados Unidos (Saint Mary\u2019s, Kansas y Cleveland, Ohio). El 30 de julio de 1936 es ordenado sacerdote.<\/p>\n\n\n\n<p>Tras haberlo pedido varias veces, en 1938 es enviado a Jap\u00f3n, donde permanecer\u00e1 27 a\u00f1os. Desde el principio se dispone a adaptarse y asumir la cultura local. Pero son a\u00f1os pol\u00edticamente dif\u00edciles, en los que &#8211; por su condici\u00f3n de extranjero en tiempos de guerra &#8211; incluso llega a ser acusado de espionaje y encarcelado durante poco m\u00e1s de un mes (1941-1942). <\/p>\n\n\n\n<p>En Hiroshima, siendo el encargado de formar a los j\u00f3venes jesuitas japoneses como maestro de novicios desde 1942, padece la terrible explosi\u00f3n de la bomba at\u00f3mica el 6 de agosto de 1945. Reacciona acogiendo en el noviciado a unos 200 heridos, cur\u00e1ndoles y acompa\u00f1\u00e1ndoles.<\/p>\n<\/div>\n\n\n\n<div class=\"col-12 col-m-4\" style=\"margin-left:auto;\">\n<figure class=\"wp-block-image size-full\"><img loading=\"lazy\" decoding=\"async\" width=\"430\" height=\"600\" src=\"https:\/\/jesuitgeneral.org\/wp-content\/uploads\/2023\/05\/arrupe-first-mass.jpg\" alt=\"El P. Pedro Arrupe SJ, 28&#xBA; Superior General de la Compa&#xF1;&#xED;a de Jes&#xFA;s, celebra su primera misa en 1936 en Valkenburg, Holanda\" class=\"wp-image-58\"\/><\/figure>\n<\/div>\n<\/div>\n<\/div><\/section>\n\n<section class=\"secondary--lighten-4 p-top--large p-bottom--large\"><div class=\"container\">\n<div class=\"row row--center\">\n<div class=\"col-12 col-s-6 col-l-7 styled-content\">\n<h2 class=\"wp-block-heading\">Superior de Jap\u00f3n y Superior General<\/h2>\n\n\n\n<p>Terminada la Guerra Mundial, desde 1954, como Superior de los jesuitas que viven en Jap\u00f3n, viaja por todo el mundo, dando conferencias e invitando a compa\u00f1eros suyos de hasta treinta pa\u00edses a unirse a esta misi\u00f3n. Al mismo tiempo, especialmente en Espa\u00f1a e Iberoam\u00e9rica, organiza centros para ayudar econ\u00f3micamente a la Misi\u00f3n del Jap\u00f3n.<\/p>\n\n\n\n<p>Con su personalidad, tan atractiva por su simpat\u00eda, preocupaci\u00f3n directa por cada uno, humildad y empuje, se da pronto a conocer.<\/p>\n\n\n\n<p>El 22 de mayo de 1965, en la Congregaci\u00f3n General 31, los jesuitas lo eligen en Roma como su 28\u00ba Superior General. Ven en \u00e9l, adem\u00e1s, a un hombre de Dios capaz de entender y afrontar la dif\u00edcil situaci\u00f3n por la que empiezan a pasar la Iglesia y la sociedad. Desde 1967 hasta 1982 ser\u00e1 tambi\u00e9n Presidente de la Uni\u00f3n de Superiores Generales, representantes de la vida religiosa masculina.<\/p>\n<\/div>\n<\/div>\n<\/div><\/section>\n\n<section class=\"p-top--large p-bottom--large\"><div class=\"container\">\n<div class=\"row row--center\">\n<div class=\"col-12 col-s-6 col-l-7 styled-content\">\n<h2 class=\"wp-block-heading\">Un l\u00edder fuerte y compasivo<\/h2>\n\n\n\n<p>El P. Arrupe, profundamente unido a la persona de Jesucristo, emprende con decisi\u00f3n y entusiasmo un camino de acercamiento al hombre en su propia situaci\u00f3n, ya sea de increencia, pobreza, lucha por la libertad o b\u00fasqueda de Dios.<\/p>\n\n\n\n<p>Conf\u00eda en sus colaboradores, anima, sugiere a la Iglesia que aplica el Vaticano II modos de avanzar.<\/p>\n\n\n\n<p>Es pionero y entra en terrenos hasta entonces sin explorar, como el de una sociedad secularizada y plural o la llegada de los refugiados. Conduce por aqu\u00ed a los alumnos de la Compa\u00f1\u00eda e invita a los intelectuales a descubrir con su estudio las causas de la injusticia y la falta de fe.<\/p>\n\n\n\n<p>En estos a\u00f1os un buen n\u00famero de jesuitas conocer\u00e1n el martirio, consecuencia de las actitudes que Arrupe promueve: servir sin distinguir raza o clase, vivir con los que sufren hasta dar la vida, defender sus derechos hasta el final. Como buen amigo y gu\u00eda, acompa\u00f1a a unos y a otros en su andadura. Como buen amigo y gu\u00eda, acompa\u00f1a a unos y a otros en su andadura.<\/p>\n<\/div>\n<\/div>\n<\/div><\/section>\n\n<section class=\"black invert p-top--large p-bottom--large text--center\"><div class=\"container\"><div class=\"carousel carousel--equal-height gallery gallery--carousel\"><div class=\"carousel__slider\" data-flickity='{\"percentPosition\":\"false\",\"lazyLoad\":2,\"dragThreshold\":10}'>\n<figure class=\"wp-block-image carousel__slide size-full\"><img data-flickity-lazyload=\"https:\/\/jesuitgeneral.org\/wp-content\/uploads\/2023\/05\/arrupe-carousel-1.jpg\" alt=\"El P. Pedro Arrupe SJ, 28&#xBA; Superior General de la Compa&#xF1;&#xED;a de Jes&#xFA;s, en Hiroshima, Jap&#xF3;n, en 1945\" class=\"wp-image-43\"\/><\/figure>\n\n<figure class=\"wp-block-image carousel__slide size-full\"><img data-flickity-lazyload=\"https:\/\/jesuitgeneral.org\/wp-content\/uploads\/2023\/05\/arrupe-carousel-2.jpg\" alt=\"El P. Pedro Arrupe SJ, 28&#xBA; Superior General de la Compa&#xF1;&#xED;a de Jes&#xFA;s (los jesuitas) en oraci&#xF3;n con j&#xF3;venes en 1966.\" class=\"wp-image-42\"\/><\/figure>\n\n<figure class=\"wp-block-image carousel__slide size-full\"><img data-flickity-lazyload=\"https:\/\/jesuitgeneral.org\/wp-content\/uploads\/2023\/05\/arrupe-carousel-3.jpg\" alt=\"El P. Pedro Arrupe SJ, 28&#xBA; Superior General de la Compa&#xF1;&#xED;a de Jes&#xFA;s, en Madr&#xE1;s, India\" class=\"wp-image-41\"\/><\/figure>\n\n<figure class=\"wp-block-image carousel__slide size-large\"><img data-flickity-lazyload=\"https:\/\/jesuitgeneral.org\/wp-content\/uploads\/2023\/05\/arrupe-carousel-4.jpg\" alt=\"El P. Pedro Arrupe SJ, 28&#xBA; Superior General de la Compa&#xF1;&#xED;a de Jes&#xFA;s, en Manila, Filipinas \" class=\"wp-image-40\"\/><\/figure>\n\n<figure class=\"wp-block-image carousel__slide size-large\"><img data-flickity-lazyload=\"https:\/\/jesuitgeneral.org\/wp-content\/uploads\/2023\/05\/arrupe-carousel-6.jpg\" alt=\"El P. Pedro Arrupe SJ, 28&#xBA; Superior General de la Compa&#xF1;&#xED;a de Jes&#xFA;s (los jesuitas) en la elecci&#xF3;n del P. Peter-Hans Kolvenbach SJ en 1983  \" class=\"wp-image-38\"\/><\/figure>\n\n<figure class=\"wp-block-image carousel__slide size-large\"><img data-flickity-lazyload=\"https:\/\/jesuitgeneral.org\/wp-content\/uploads\/2023\/05\/arrupe-carousel-5.jpg\" alt=\"El P. Pedro Arrupe SJ, 28&#xBA; Superior General de la Compa&#xF1;&#xED;a de Jes&#xFA;s, se re&#xFA;ne con el Papa Juan Pablo II tras sufrir un derrame cerebral\" class=\"wp-image-39\"\/><\/figure>\n<\/div><\/div>\n\n\n<a href=\"https:\/\/jesuit.media\/?c=59&amp;k=384a1c829d\" class=\"special-link\">Ver m\u00e1s im\u00e1genes<\/a>\n<\/div><\/section>\n\n<section class=\"p-top--large p-bottom--large\"><div class=\"container\">\n<div class=\"row row--center\">\n<div class=\"col-12 col-s-6 col-l-7 styled-content\">\n<h2 class=\"wp-block-heading\">Enfermedad y \u00faltimos a\u00f1os<\/h2>\n\n\n\n<p>El 7 de agosto de 1981, a la vuelta de un viaje por Asia, sufre una trombosis cerebral que lo deja inv\u00e1lido. Desde el 31 de octubre de ese mismo a\u00f1o, la Compa\u00f1\u00eda de Jes\u00fas ser\u00e1 gobernada por el P. Paolo Dezza, S.J., nombrado Delegado Pontificio por Juan Pablo II.<\/p>\n\n\n\n<p>En septiembre de 1983 la Congregaci\u00f3n General 33 acepta la renuncia del P. Arrupe y elige al <a href=\"https:\/\/jesuitgeneral.org\/es\/peter-hans-kolvenbach\/\" data-type=\"page\" data-id=\"17\">P. Peter-Hans Kolvenbach<\/a> como su sucesor.<\/p>\n\n\n\n<p>En medio de su enfermedad, que lo va deteriorando, experimenta un abandono todav\u00eda mayor a Dios, hasta su muerte en Roma el 5 de febrero de 1991. El 14 de noviembre de 1997 sus restos son trasladados del cementerio de Campo Verano a la Iglesia del Ges\u00f9, donde desde entonces reposan. Su causa de beatificaci\u00f3n se abri\u00f3 el 5 de febrero de 2019.<\/p>\n<\/div>\n<\/div>\n<\/div><\/section>\n\n<section class=\"primary--darken-3 invert p-top--huge p-bottom--huge\"><div class=\"container\">\n<div class=\"row\">\n<div class=\"col-12 col-l-7 col-xl-6\">\n<h2 class=\"wp-block-heading h1\">Archivo digital<\/h2>\n\n\n\n<p class=\"text text--lead\">Im\u00e1genes del P. Arrupe, discursos, oraciones y testimonios est\u00e1n disponibles en l\u00ednea <\/p>\n\n\n\n<div class=\"wp-block-buttons is-layout-flex wp-block-buttons-is-layout-flex\">\n<div class=\"wp-block-button is-style-outline is-style-outline--1\"><a class=\"wp-block-button__link wp-element-button\" href=\"https:\/\/jesuit.media\/?c=59&amp;k=384a1c829d\" target=\"_blank\" rel=\"noreferrer noopener\">Visite el archivo<\/a><\/div>\n<\/div>\n<\/div>\n\n\n\n<div class=\"col-12 col-l-5 col-xl-6\">\n<figure class=\"wp-block-image size-full\"><a href=\"https:\/\/jesuit.media\/?c=59&amp;k=384a1c829d\"><img loading=\"lazy\" decoding=\"async\" width=\"500\" height=\"333\" src=\"https:\/\/jesuitgeneral.org\/wp-content\/uploads\/2024\/04\/arrupe-jesuit-media.jpg\" alt=\"Una captura de pantalla del archivo de im&#xE1;genes del P. Pedro Arrupe SJ, 28&#xBA; Superior General de la Compa&#xF1;&#xED;a de Jes&#xFA;s (los jesuitas), en Jesuit.media\" class=\"wp-image-294\" srcset=\"https:\/\/jesuitgeneral.org\/wp-content\/uploads\/2024\/04\/arrupe-jesuit-media.jpg 500w, https:\/\/jesuitgeneral.org\/wp-content\/uploads\/2024\/04\/arrupe-jesuit-media-300x200.jpg 300w\" sizes=\"auto, (max-width: 500px) 100vw, 500px\" \/><\/a><\/figure>\n<\/div>\n<\/div>\n<\/div><\/section>\n","protected":false},"excerpt":{"rendered":"","protected":false},"author":1,"featured_media":0,"parent":0,"menu_order":0,"comment_status":"closed","ping_status":"closed","template":"","meta":{"footnotes":""},"class_list":["post-215","page","type-page","status-publish","hentry","no-thumbnail"],"yoast_head":"<!-- This site is optimized with the Yoast SEO plugin v27.4 - https:\/\/yoast.com\/product\/yoast-seo-wordpress\/ -->\n<title>Pedro Arrupe - Jesuit Generals<\/title>\n<meta name=\"description\" content=\"Biograf\u00eda, im\u00e1genes y documentos de Pedro Arrupe (1907-1991), 28\u00ba Superior General de la Compa\u00f1\u00eda de Jes\u00fas (los jesuitas)\" \/>\n<meta name=\"robots\" content=\"index, follow, max-snippet:-1, max-image-preview:large, max-video-preview:-1\" \/>\n<link rel=\"canonical\" href=\"https:\/\/jesuitgeneral.org\/es\/pedro-arrupe\/\" \/>\n<meta property=\"og:locale\" content=\"es_ES\" \/>\n<meta property=\"og:type\" content=\"article\" \/>\n<meta property=\"og:title\" content=\"Pedro Arrupe - Jesuit Generals\" \/>\n<meta property=\"og:description\" content=\"Biograf\u00eda, im\u00e1genes y documentos de Pedro Arrupe (1907-1991), 28\u00ba Superior General de la Compa\u00f1\u00eda de Jes\u00fas (los jesuitas)\" \/>\n<meta property=\"og:url\" content=\"https:\/\/jesuitgeneral.org\/es\/pedro-arrupe\/\" \/>\n<meta property=\"og:site_name\" content=\"Jesuit Generals\" \/>\n<meta property=\"article:publisher\" content=\"https:\/\/www.facebook.com\/JesuitsGlobal\" \/>\n<meta property=\"article:modified_time\" content=\"2024-05-20T12:36:51+00:00\" \/>\n<meta property=\"og:image\" content=\"https:\/\/jesuitgeneral.org\/wp-content\/uploads\/2023\/05\/arrupe-signature.png\" \/>\n<meta name=\"twitter:card\" content=\"summary_large_image\" \/>\n<meta name=\"twitter:site\" content=\"@JesuitsGlobal\" \/>\n<meta name=\"twitter:label1\" content=\"Tiempo de lectura\" \/>\n\t<meta name=\"twitter:data1\" content=\"4 minutos\" \/>\n<script type=\"application\/ld+json\" class=\"yoast-schema-graph\">{\"@context\":\"https:\\\/\\\/schema.org\",\"@graph\":[{\"@type\":[\"WebPage\",\"ProfilePage\"],\"@id\":\"https:\\\/\\\/jesuitgeneral.org\\\/es\\\/pedro-arrupe\\\/\",\"url\":\"https:\\\/\\\/jesuitgeneral.org\\\/es\\\/pedro-arrupe\\\/\",\"name\":\"Pedro Arrupe - Jesuit Generals\",\"isPartOf\":{\"@id\":\"https:\\\/\\\/jesuitgeneral.org\\\/es\\\/#website\"},\"primaryImageOfPage\":{\"@id\":\"https:\\\/\\\/jesuitgeneral.org\\\/es\\\/pedro-arrupe\\\/#primaryimage\"},\"image\":{\"@id\":\"https:\\\/\\\/jesuitgeneral.org\\\/es\\\/pedro-arrupe\\\/#primaryimage\"},\"thumbnailUrl\":\"https:\\\/\\\/jesuitgeneral.org\\\/wp-content\\\/uploads\\\/2023\\\/05\\\/arrupe-signature.png\",\"datePublished\":\"2023-05-19T07:13:10+00:00\",\"dateModified\":\"2024-05-20T12:36:51+00:00\",\"description\":\"Biograf\u00eda, im\u00e1genes y documentos de Pedro Arrupe (1907-1991), 28\u00ba Superior General de la Compa\u00f1\u00eda de Jes\u00fas (los jesuitas)\",\"breadcrumb\":{\"@id\":\"https:\\\/\\\/jesuitgeneral.org\\\/es\\\/pedro-arrupe\\\/#breadcrumb\"},\"inLanguage\":\"es\",\"potentialAction\":[{\"@type\":\"ReadAction\",\"target\":[\"https:\\\/\\\/jesuitgeneral.org\\\/es\\\/pedro-arrupe\\\/\"]}]},{\"@type\":\"ImageObject\",\"inLanguage\":\"es\",\"@id\":\"https:\\\/\\\/jesuitgeneral.org\\\/es\\\/pedro-arrupe\\\/#primaryimage\",\"url\":\"https:\\\/\\\/jesuitgeneral.org\\\/wp-content\\\/uploads\\\/2023\\\/05\\\/arrupe-signature.png\",\"contentUrl\":\"https:\\\/\\\/jesuitgeneral.org\\\/wp-content\\\/uploads\\\/2023\\\/05\\\/arrupe-signature.png\"},{\"@type\":\"BreadcrumbList\",\"@id\":\"https:\\\/\\\/jesuitgeneral.org\\\/es\\\/pedro-arrupe\\\/#breadcrumb\",\"itemListElement\":[{\"@type\":\"ListItem\",\"position\":1,\"name\":\"Home\",\"item\":\"https:\\\/\\\/jesuitgeneral.org\\\/es\\\/\"},{\"@type\":\"ListItem\",\"position\":2,\"name\":\"Pedro Arrupe\"}]},{\"@type\":\"WebSite\",\"@id\":\"https:\\\/\\\/jesuitgeneral.org\\\/es\\\/#website\",\"url\":\"https:\\\/\\\/jesuitgeneral.org\\\/es\\\/\",\"name\":\"Jesuit Generals\",\"description\":\"Sitio web conmemorativo de los Superiores Generales jesuitas\",\"publisher\":{\"@id\":\"https:\\\/\\\/jesuitgeneral.org\\\/es\\\/#organization\"},\"potentialAction\":[{\"@type\":\"SearchAction\",\"target\":{\"@type\":\"EntryPoint\",\"urlTemplate\":\"https:\\\/\\\/jesuitgeneral.org\\\/es\\\/?s={search_term_string}\"},\"query-input\":{\"@type\":\"PropertyValueSpecification\",\"valueRequired\":true,\"valueName\":\"search_term_string\"}}],\"inLanguage\":\"es\"},{\"@type\":\"Organization\",\"@id\":\"https:\\\/\\\/jesuitgeneral.org\\\/es\\\/#organization\",\"name\":\"Compa\u00f1\u00eda de Jes\u00fas\",\"alternateName\":\"Jesuits\",\"url\":\"https:\\\/\\\/jesuitgeneral.org\\\/es\\\/\",\"logo\":{\"@type\":\"ImageObject\",\"inLanguage\":\"es\",\"@id\":\"https:\\\/\\\/jesuitgeneral.org\\\/es\\\/#\\\/schema\\\/logo\\\/image\\\/\",\"url\":\"https:\\\/\\\/jesuitgeneral.org\\\/wp-content\\\/uploads\\\/2023\\\/06\\\/logo-jesuits-global-500.png\",\"contentUrl\":\"https:\\\/\\\/jesuitgeneral.org\\\/wp-content\\\/uploads\\\/2023\\\/06\\\/logo-jesuits-global-500.png\",\"width\":500,\"height\":500,\"caption\":\"Compa\u00f1\u00eda de Jes\u00fas\"},\"image\":{\"@id\":\"https:\\\/\\\/jesuitgeneral.org\\\/es\\\/#\\\/schema\\\/logo\\\/image\\\/\"},\"sameAs\":[\"https:\\\/\\\/www.facebook.com\\\/JesuitsGlobal\",\"https:\\\/\\\/x.com\\\/JesuitsGlobal\",\"https:\\\/\\\/www.instagram.com\\\/JesuitsGlobal\\\/\",\"https:\\\/\\\/www.youtube.com\\\/channel\\\/UCpqwciWoMlKhXL1Ge3L6vug\\\/videos\"],\"mainEntityOfPage\":{\"@id\":\"https:\\\/\\\/jesuitgeneral.org\\\/es\\\/pedro-arrupe\\\/\"}}]}<\/script>\n<!-- \/ Yoast SEO plugin. -->","yoast_head_json":{"title":"Pedro Arrupe - Jesuit Generals","description":"Biograf\u00eda, im\u00e1genes y documentos de Pedro Arrupe (1907-1991), 28\u00ba Superior General de la Compa\u00f1\u00eda de Jes\u00fas (los jesuitas)","robots":{"index":"index","follow":"follow","max-snippet":"max-snippet:-1","max-image-preview":"max-image-preview:large","max-video-preview":"max-video-preview:-1"},"canonical":"https:\/\/jesuitgeneral.org\/es\/pedro-arrupe\/","og_locale":"es_ES","og_type":"article","og_title":"Pedro Arrupe - Jesuit Generals","og_description":"Biograf\u00eda, im\u00e1genes y documentos de Pedro Arrupe (1907-1991), 28\u00ba Superior General de la Compa\u00f1\u00eda de Jes\u00fas (los jesuitas)","og_url":"https:\/\/jesuitgeneral.org\/es\/pedro-arrupe\/","og_site_name":"Jesuit Generals","article_publisher":"https:\/\/www.facebook.com\/JesuitsGlobal","article_modified_time":"2024-05-20T12:36:51+00:00","og_image":[{"url":"https:\/\/jesuitgeneral.org\/wp-content\/uploads\/2023\/05\/arrupe-signature.png","type":"","width":"","height":""}],"twitter_card":"summary_large_image","twitter_site":"@JesuitsGlobal","twitter_misc":{"Tiempo de lectura":"4 minutos"},"schema":{"@context":"https:\/\/schema.org","@graph":[{"@type":["WebPage","ProfilePage"],"@id":"https:\/\/jesuitgeneral.org\/es\/pedro-arrupe\/","url":"https:\/\/jesuitgeneral.org\/es\/pedro-arrupe\/","name":"Pedro Arrupe - Jesuit Generals","isPartOf":{"@id":"https:\/\/jesuitgeneral.org\/es\/#website"},"primaryImageOfPage":{"@id":"https:\/\/jesuitgeneral.org\/es\/pedro-arrupe\/#primaryimage"},"image":{"@id":"https:\/\/jesuitgeneral.org\/es\/pedro-arrupe\/#primaryimage"},"thumbnailUrl":"https:\/\/jesuitgeneral.org\/wp-content\/uploads\/2023\/05\/arrupe-signature.png","datePublished":"2023-05-19T07:13:10+00:00","dateModified":"2024-05-20T12:36:51+00:00","description":"Biograf\u00eda, im\u00e1genes y documentos de Pedro Arrupe (1907-1991), 28\u00ba Superior General de la Compa\u00f1\u00eda de Jes\u00fas (los jesuitas)","breadcrumb":{"@id":"https:\/\/jesuitgeneral.org\/es\/pedro-arrupe\/#breadcrumb"},"inLanguage":"es","potentialAction":[{"@type":"ReadAction","target":["https:\/\/jesuitgeneral.org\/es\/pedro-arrupe\/"]}]},{"@type":"ImageObject","inLanguage":"es","@id":"https:\/\/jesuitgeneral.org\/es\/pedro-arrupe\/#primaryimage","url":"https:\/\/jesuitgeneral.org\/wp-content\/uploads\/2023\/05\/arrupe-signature.png","contentUrl":"https:\/\/jesuitgeneral.org\/wp-content\/uploads\/2023\/05\/arrupe-signature.png"},{"@type":"BreadcrumbList","@id":"https:\/\/jesuitgeneral.org\/es\/pedro-arrupe\/#breadcrumb","itemListElement":[{"@type":"ListItem","position":1,"name":"Home","item":"https:\/\/jesuitgeneral.org\/es\/"},{"@type":"ListItem","position":2,"name":"Pedro Arrupe"}]},{"@type":"WebSite","@id":"https:\/\/jesuitgeneral.org\/es\/#website","url":"https:\/\/jesuitgeneral.org\/es\/","name":"Jesuit Generals","description":"Sitio web conmemorativo de los Superiores Generales jesuitas","publisher":{"@id":"https:\/\/jesuitgeneral.org\/es\/#organization"},"potentialAction":[{"@type":"SearchAction","target":{"@type":"EntryPoint","urlTemplate":"https:\/\/jesuitgeneral.org\/es\/?s={search_term_string}"},"query-input":{"@type":"PropertyValueSpecification","valueRequired":true,"valueName":"search_term_string"}}],"inLanguage":"es"},{"@type":"Organization","@id":"https:\/\/jesuitgeneral.org\/es\/#organization","name":"Compa\u00f1\u00eda de Jes\u00fas","alternateName":"Jesuits","url":"https:\/\/jesuitgeneral.org\/es\/","logo":{"@type":"ImageObject","inLanguage":"es","@id":"https:\/\/jesuitgeneral.org\/es\/#\/schema\/logo\/image\/","url":"https:\/\/jesuitgeneral.org\/wp-content\/uploads\/2023\/06\/logo-jesuits-global-500.png","contentUrl":"https:\/\/jesuitgeneral.org\/wp-content\/uploads\/2023\/06\/logo-jesuits-global-500.png","width":500,"height":500,"caption":"Compa\u00f1\u00eda de Jes\u00fas"},"image":{"@id":"https:\/\/jesuitgeneral.org\/es\/#\/schema\/logo\/image\/"},"sameAs":["https:\/\/www.facebook.com\/JesuitsGlobal","https:\/\/x.com\/JesuitsGlobal","https:\/\/www.instagram.com\/JesuitsGlobal\/","https:\/\/www.youtube.com\/channel\/UCpqwciWoMlKhXL1Ge3L6vug\/videos"],"mainEntityOfPage":{"@id":"https:\/\/jesuitgeneral.org\/es\/pedro-arrupe\/"}}]}},"_links":{"self":[{"href":"https:\/\/jesuitgeneral.org\/es\/wp-json\/wp\/v2\/pages\/215","targetHints":{"allow":["GET"]}}],"collection":[{"href":"https:\/\/jesuitgeneral.org\/es\/wp-json\/wp\/v2\/pages"}],"about":[{"href":"https:\/\/jesuitgeneral.org\/es\/wp-json\/wp\/v2\/types\/page"}],"author":[{"embeddable":true,"href":"https:\/\/jesuitgeneral.org\/es\/wp-json\/wp\/v2\/users\/1"}],"replies":[{"embeddable":true,"href":"https:\/\/jesuitgeneral.org\/es\/wp-json\/wp\/v2\/comments?post=215"}],"version-history":[{"count":21,"href":"https:\/\/jesuitgeneral.org\/es\/wp-json\/wp\/v2\/pages\/215\/revisions"}],"predecessor-version":[{"id":345,"href":"https:\/\/jesuitgeneral.org\/es\/wp-json\/wp\/v2\/pages\/215\/revisions\/345"}],"wp:attachment":[{"href":"https:\/\/jesuitgeneral.org\/es\/wp-json\/wp\/v2\/media?parent=215"}],"curies":[{"name":"wp","href":"https:\/\/api.w.org\/{rel}","templated":true}]}}