{"id":224,"date":"2023-05-19T07:47:09","date_gmt":"2023-05-19T07:47:09","guid":{"rendered":"https:\/\/jesuitgeneral.org\/peter-hans-kolvenbach\/"},"modified":"2024-04-12T08:40:42","modified_gmt":"2024-04-12T08:40:42","slug":"peter-hans-kolvenbach","status":"publish","type":"page","link":"https:\/\/jesuitgeneral.org\/es\/peter-hans-kolvenbach\/","title":{"rendered":"Peter-Hans Kolvenbach"},"content":{"rendered":"\n<section class=\"intro black invert p-top--medium p-bottom--medium\"><div class=\"container\">\n<div class=\"row\">\n<div class=\"col-12 col-l-8\">\n<p class=\"text text--display\">\u00abEl objetivo de la educaci\u00f3n jesuita es la formaci\u00f3n de hombres y mujeres para los dem\u00e1s, personas competentes, conscientes y comprometidas compasivamente\u00bb<\/p>\n\n\n\n<figure class=\"wp-block-image size-full intro__signature\"><img loading=\"lazy\" decoding=\"async\" width=\"700\" height=\"118\" src=\"https:\/\/jesuitgeneral.org\/wp-content\/uploads\/2023\/05\/kolvenbach-signature.png\" alt=\"La firma del P. Peter-Hans Kolvenbach SJ, 29&#xBA; Superior General de la Compa&#xF1;&#xED;a de Jes&#xFA;s (los jesuitas)\" class=\"wp-image-103\" srcset=\"https:\/\/jesuitgeneral.org\/wp-content\/uploads\/2023\/05\/kolvenbach-signature.png 700w, https:\/\/jesuitgeneral.org\/wp-content\/uploads\/2023\/05\/kolvenbach-signature-300x51.png 300w\" sizes=\"auto, (max-width: 700px) 100vw, 700px\" \/><\/figure>\n<\/div>\n\n\n\n<div class=\"col-12 col-l-4\">\n<figure class=\"wp-block-image size-full intro__image\"><img loading=\"lazy\" decoding=\"async\" width=\"305\" height=\"400\" src=\"https:\/\/jesuitgeneral.org\/wp-content\/uploads\/2023\/05\/kolvenbach-walking.jpg\" alt=\"El P. Peter-Hans Kolvenbach SJ, 29&#xBA; Superior General de la Compa&#xF1;&#xED;a de Jes&#xFA;s (los jesuitas), paseando por Roma cerca de la Curia General de los jesuitas \" class=\"wp-image-90\"\/><\/figure>\n<\/div>\n<\/div>\n<\/div><\/section>\n\n<section class=\"p-top--large p-bottom--large\"><div class=\"container\">\n<div class=\"row row--center\">\n<div class=\"col-12 col-s-6 col-l-7 styled-content\">\n<h2 class=\"wp-block-heading\">Primeros a\u00f1os y vocaci\u00f3n<\/h2>\n\n\n\n<p>El P. Peter-Hans Kolvenbach nace el 30 de noviembre de 1928 en Druten (Gelderland, Pa\u00edses Bajos). Sus padres son Gerardo Kolvenbach (alem\u00e1n) y Jacoba Domensino (italiana).<\/p>\n\n\n\n<p>Conoce la Compa\u00f1\u00eda de Jes\u00fas por sus estudios de secundaria en el Colegio Canisio y tras un a\u00f1o de estudio de lat\u00edn y griego, ingresa en el noviciado de Grave el 7 de septiembre de 1948. Emite los votos de noviciado el 8 de septiembre de 1950. Despu\u00e9s de un a\u00f1o de juniorado en Grave y 3 a\u00f1os de filosof\u00eda en el Instituto Berchmans de Nimega es destinado al L\u00edbano en 1958.<\/p>\n<\/div>\n<\/div>\n<\/div><\/section>\n\n<section class=\"grey-2 p-top--large p-bottom--large\"><div class=\"container\">\n<div class=\"row\">\n<div class=\"col-12 col-m-7 styled-content\">\n<h2 class=\"wp-block-heading\">Un experto en Oriente Pr\u00f3ximo<\/h2>\n\n\n\n<p>Desde el comienzo de su nuevo destino, se dedica a estudiar el \u00e1rabe en contacto directo con la gente. En su nuevo destino en el Pr\u00f3ximo Oriente se especializa en lengua y literatura armenias.<\/p>\n\n\n\n<p>Estudia la Teolog\u00eda en la Universidad San Jos\u00e9 de Beirut (4 a\u00f1os). El Vicario Apost\u00f3lico en Beirut, Eustace John Smith, OFM, le ordena sacerdote el 29 de junio de 1961, seg\u00fan el rito armenio.<\/p>\n\n\n\n<p>Contin\u00faa sus estudios de filolog\u00eda y ling\u00fc\u00edstica en Beirut y Par\u00eds. Finaliza el proceso de formaci\u00f3n en Cleveland (Estados Unidos) donde hace la Tercera Probaci\u00f3n. Emite la profesi\u00f3n solemne el 15 de agosto de 1969.<\/p>\n\n\n\n<p>En la Universidad San Jos\u00e9 de Beirut es profesor de ling\u00fc\u00edstica general y lengua y literatura armenias (1968-1974). El a\u00f1o 1974 es nombrado Vice-Provincial de Medio Oriente. Participa en la Congregaci\u00f3n General 32 (1975).<\/p>\n\n\n\n<p>El a\u00f1o 1981 es llamado a Roma como Rector del Pontificio Instituto Oriental.<\/p>\n<\/div>\n\n\n\n<div class=\"col-12 col-m-4\" style=\"margin-left:auto;\">\n<figure class=\"wp-block-image size-full\"><img loading=\"lazy\" decoding=\"async\" width=\"400\" height=\"600\" src=\"https:\/\/jesuitgeneral.org\/wp-content\/uploads\/2023\/05\/kolvenbach-armenian-rite.jpg\" alt=\"El P. Peter-Hans Kolvenbach SJ, 29&#xBA; Superior General de la Compa&#xF1;&#xED;a de Jes&#xFA;s, celebra una misa en rito armenio \" class=\"wp-image-74\" srcset=\"https:\/\/jesuitgeneral.org\/wp-content\/uploads\/2023\/05\/kolvenbach-armenian-rite.jpg 400w, https:\/\/jesuitgeneral.org\/wp-content\/uploads\/2023\/05\/kolvenbach-armenian-rite-200x300.jpg 200w\" sizes=\"auto, (max-width: 400px) 100vw, 400px\" \/><\/figure>\n<\/div>\n<\/div>\n<\/div><\/section>\n\n<section class=\"secondary--lighten-4 p-top--large p-bottom--large\"><div class=\"container\">\n<div class=\"row row--center\">\n<div class=\"col-12 col-s-6 col-l-7 styled-content\">\n<h2 class=\"wp-block-heading\">Superior General<\/h2>\n\n\n\n<p>Participa en la Congregaci\u00f3n General 33 como elector de su Viceprovincia y es elegido Superior General el 13 de septiembre de 1983.<\/p>\n\n\n\n<p>Convoc\u00f3 y presidi\u00f3 la Congregaci\u00f3n General 34 (1995).<\/p>\n\n\n\n<p>Durante su amplio generalato particip\u00f3 en numerosos S\u00ednodos de los Obispos, fue miembro de las Congregaciones Vaticanas de la Evangelizaci\u00f3n de los Pueblos y de los Institutos de Vida Consagrada y consultor de la Congregaci\u00f3n de las Iglesias Orientales.<\/p>\n<\/div>\n<\/div>\n<\/div><\/section>\n\n<section class=\"black invert p-top--large p-bottom--large text--center\"><div class=\"container\"><div class=\"carousel carousel--equal-height gallery gallery--carousel\"><div class=\"carousel__slider\" data-flickity='{\"percentPosition\":\"false\",\"lazyLoad\":2,\"dragThreshold\":10}'>\n<figure class=\"wp-block-image carousel__slide size-large\"><img data-flickity-lazyload=\"https:\/\/jesuitgeneral.org\/wp-content\/uploads\/2023\/05\/kolvenbach-carousel-7.jpg\" alt=\"El P. Peter-Hans Kolvenbach, 29&#xBA; Superior General de la Compa&#xF1;&#xED;a de Jes&#xFA;s, delante de un quiosco de prensa en Roma Imagen de Don Doll SJ\" class=\"wp-image-80\"\/><\/figure>\n\n<figure class=\"wp-block-image carousel__slide size-large\"><img data-flickity-lazyload=\"https:\/\/jesuitgeneral.org\/wp-content\/uploads\/2023\/05\/kolvenbach-carousel-6.jpg\" alt=\"El P. Peter-Hans Kolvenbach SJ, 29&#xBA; Superior General de la Compa&#xF1;&#xED;a de Jes&#xFA;s (los jesuitas), escribiendo a m&#xE1;quina en su despacho de la Curia General de los jesuitas en Roma Imagen de Don Doll SJ\" class=\"wp-image-81\"\/><\/figure>\n\n<figure class=\"wp-block-image carousel__slide size-large\"><img data-flickity-lazyload=\"https:\/\/jesuitgeneral.org\/wp-content\/uploads\/2023\/05\/kolvenbach-carousel-9.jpg\" alt=\"El P. Peter-Hans Kolvenbach SJ, 29&#xBA; Superior General de la Compa&#xF1;&#xED;a de Jes&#xFA;s, celebrando una misa en las Misiones del Sagrado Coraz&#xF3;n en DeSmet (Idaho, EE.UU.) con miembros de la tribu Coeur d'Alene \" class=\"wp-image-78\"\/><\/figure>\n\n<figure class=\"wp-block-image carousel__slide size-large\"><img data-flickity-lazyload=\"https:\/\/jesuitgeneral.org\/wp-content\/uploads\/2023\/05\/kolvenbach-carousel-5.jpg\" alt=\"Retrato del P. Peter-Hans Kolvenbach SJ, 29&#xBA; Superior General de la Compa&#xF1;&#xED;a de Jes&#xFA;s, delante de la Bas&#xED;lica de San Pedro en Roma Imagen de Don Doll SJ\" class=\"wp-image-82\"\/><\/figure>\n\n<figure class=\"wp-block-image carousel__slide size-large\"><img data-flickity-lazyload=\"https:\/\/jesuitgeneral.org\/wp-content\/uploads\/2023\/05\/kolvenbach-carousel-4.jpg\" alt=\"El P. Peter-Hans Kolvenbach SJ, 29&#xBA; Superior General de la Compa&#xF1;&#xED;a de Jes&#xFA;s (los jesuitas) saliendo del Aula de la 35&#xAA; Congregaci&#xF3;n General de los Jesuitas \" class=\"wp-image-83\"\/><\/figure>\n\n<figure class=\"wp-block-image carousel__slide size-large\"><img data-flickity-lazyload=\"https:\/\/jesuitgeneral.org\/wp-content\/uploads\/2023\/05\/kolvenbach-carousel-3.jpg\" alt=\"El P. Peter-Hans Kolvenbach SJ, 29&#xBA; Superior General de la Compa&#xF1;&#xED;a de Jes&#xFA;s, rezando en el lugar donde est&#xE1;n enterradas las v&#xED;ctimas jesuitas del genocidio de Ruanda \" class=\"wp-image-84\"\/><\/figure>\n\n<figure class=\"wp-block-image carousel__slide size-large\"><img data-flickity-lazyload=\"https:\/\/jesuitgeneral.org\/wp-content\/uploads\/2023\/05\/kolvenbach-carousel-2.jpg\" alt=\"El P. Peter-Hans Kolvenbach SJ, 29&#xBA; Superior de la Compa&#xF1;&#xED;a de Jes&#xFA;s, preside una misa en la Congregaci&#xF3;n de los Provinciales en Loyola, Espa&#xF1;a\" class=\"wp-image-85\"\/><\/figure>\n\n<figure class=\"wp-block-image carousel__slide size-large\"><img data-flickity-lazyload=\"https:\/\/jesuitgeneral.org\/wp-content\/uploads\/2023\/05\/kolvenbach-carousel-1.jpg\" alt=\"El P. Peter-Hans Kolvenbach SJ, 29&#xBA; Superior General de la Compa&#xF1;&#xED;a de Jes&#xFA;s, visita el monumento a Wounded Knee en Dakota del Sur, EE.UU. \" class=\"wp-image-86\"\/><\/figure>\n\n<figure class=\"wp-block-image carousel__slide size-large\"><img data-flickity-lazyload=\"https:\/\/jesuitgeneral.org\/wp-content\/uploads\/2023\/05\/kolvenbach-carousel-8.jpg\" alt=\"Un retrato del P. Adolfo Nicol&#xE1;s SJ y del P. Peter-Hans Kolvenbach SJ, 30&#xBA; y 29&#xBA; Superiores Generales de la Compa&#xF1;&#xED;a de Jes&#xFA;s (los jesuitas), en el tejado de la Curia de los jesuitas en Roma  \" class=\"wp-image-79\"\/><\/figure>\n\n<figure class=\"wp-block-image carousel__slide size-large\"><img data-flickity-lazyload=\"https:\/\/jesuitgeneral.org\/wp-content\/uploads\/2023\/05\/kolvenbach-carousel-10.jpg\" alt=\"El P. Peter-Hans Kolvenbach SJ, 29&#xBA; Superior General de la Compa&#xF1;&#xED;a de Jes&#xFA;s, con el Papa Juan Pablo II en la beatificaci&#xF3;n de Jos&#xE9; M. Rubio \" class=\"wp-image-76\"\/><\/figure>\n<\/div><\/div>\n\n\n<a href=\"https:\/\/jesuit.media\/?c=60&amp;k=384a1c829d\" class=\"special-link\">Ver m\u00e1s im\u00e1genes<\/a>\n<\/div><\/section>\n\n<section class=\"p-top--large p-bottom--large\"><div class=\"container\">\n<div class=\"row row--center\">\n<div class=\"col-12 col-s-6 col-l-7 styled-content\">\n<h2 class=\"wp-block-heading\">Regreso a Oriente Pr\u00f3ximo y \u00faltimos a\u00f1os<\/h2>\n\n\n\n<p>La Congregaci\u00f3n General 35 acept\u00f3 su dimisi\u00f3n el d\u00eda 14 de enero de 2008 y agradeci\u00f3 en nombre de toda la Compa\u00f1\u00eda su generoso servicio como Superior General.<\/p>\n\n\n\n<p>Al finalizar la Congregaci\u00f3n regres\u00f3 a su Provincia del Pr\u00f3ximo Oriente. Durante estos a\u00f1os ha seguido trabajando en temas relacionados con su especialidad de lengua y literatura armenia.<\/p>\n\n\n\n<p>Ha fallecido en Beirut el 26 de noviembre de 2016 despu\u00e9s de un tiempo breve de hospitalizaci\u00f3n.<\/p>\n<\/div>\n<\/div>\n<\/div><\/section>\n\n<section class=\"primary--darken-3 invert p-top--huge p-bottom--huge\"><div class=\"container\">\n<div class=\"row\">\n<div class=\"col-12 col-l-7 col-xl-6\">\n<h2 class=\"wp-block-heading h1\">Archivo digital<\/h2>\n\n\n\n<p class=\"text text--lead\">Im\u00e1genes del P. Kolvenbach, discursos, oraciones y testimonios est\u00e1n disponibles en l\u00ednea <\/p>\n\n\n\n<div class=\"wp-block-buttons is-layout-flex wp-block-buttons-is-layout-flex\">\n<div class=\"wp-block-button is-style-outline is-style-outline--1\"><a class=\"wp-block-button__link wp-element-button\" href=\"https:\/\/jesuit.media\/?c=60&amp;k=384a1c829d\" target=\"_blank\" rel=\"noreferrer noopener\">Visite el archivo<\/a><\/div>\n<\/div>\n<\/div>\n\n\n\n<div class=\"col-12 col-l-5 col-xl-6\">\n<figure class=\"wp-block-image size-full\"><a href=\"https:\/\/jesuit.media\/?c=60&amp;k=384a1c829d\"><img loading=\"lazy\" decoding=\"async\" width=\"500\" height=\"333\" src=\"https:\/\/jesuitgeneral.org\/wp-content\/uploads\/2024\/04\/kolvenbach-jesuit-media.jpg\" alt=\"Una captura de pantalla del archivo de im&#xE1;genes del P. Peter-Hans Kolvenbach SJ, 29&#xBA; Superior General de la Compa&#xF1;&#xED;a de Jes&#xFA;s (los jesuitas), en Jesuit.media\" class=\"wp-image-297\" srcset=\"https:\/\/jesuitgeneral.org\/wp-content\/uploads\/2024\/04\/kolvenbach-jesuit-media.jpg 500w, https:\/\/jesuitgeneral.org\/wp-content\/uploads\/2024\/04\/kolvenbach-jesuit-media-300x200.jpg 300w\" sizes=\"auto, (max-width: 500px) 100vw, 500px\" \/><\/a><\/figure>\n<\/div>\n<\/div>\n<\/div><\/section>\n","protected":false},"excerpt":{"rendered":"","protected":false},"author":1,"featured_media":0,"parent":0,"menu_order":0,"comment_status":"closed","ping_status":"closed","template":"","meta":{"footnotes":""},"class_list":["post-224","page","type-page","status-publish","hentry","no-thumbnail"],"yoast_head":"<!-- This site is optimized with the Yoast SEO plugin v27.4 - https:\/\/yoast.com\/product\/yoast-seo-wordpress\/ -->\n<title>Peter-Hans Kolvenbach - Jesuit Generals<\/title>\n<meta name=\"description\" content=\"Biograf\u00eda, im\u00e1genes y documentos de Peter-Hans Kolvenbach (1928-2016), 29\u00ba Superior General de la Compa\u00f1\u00eda de Jes\u00fas (los jesuitas)\" \/>\n<meta name=\"robots\" content=\"index, follow, max-snippet:-1, max-image-preview:large, max-video-preview:-1\" \/>\n<link rel=\"canonical\" href=\"https:\/\/jesuitgeneral.org\/es\/peter-hans-kolvenbach\/\" \/>\n<meta property=\"og:locale\" content=\"es_ES\" \/>\n<meta property=\"og:type\" content=\"article\" \/>\n<meta property=\"og:title\" content=\"Peter-Hans Kolvenbach - Jesuit Generals\" \/>\n<meta property=\"og:description\" content=\"Biograf\u00eda, im\u00e1genes y documentos de Peter-Hans Kolvenbach (1928-2016), 29\u00ba Superior General de la Compa\u00f1\u00eda de Jes\u00fas (los jesuitas)\" \/>\n<meta property=\"og:url\" content=\"https:\/\/jesuitgeneral.org\/es\/peter-hans-kolvenbach\/\" \/>\n<meta property=\"og:site_name\" content=\"Jesuit Generals\" \/>\n<meta property=\"article:publisher\" content=\"https:\/\/www.facebook.com\/JesuitsGlobal\" \/>\n<meta property=\"article:modified_time\" content=\"2024-04-12T08:40:42+00:00\" \/>\n<meta property=\"og:image\" content=\"https:\/\/jesuitgeneral.org\/wp-content\/uploads\/2023\/05\/kolvenbach-signature.png\" \/>\n<meta name=\"twitter:card\" content=\"summary_large_image\" \/>\n<meta name=\"twitter:site\" content=\"@JesuitsGlobal\" \/>\n<meta name=\"twitter:label1\" content=\"Tiempo de lectura\" \/>\n\t<meta name=\"twitter:data1\" content=\"2 minutos\" \/>\n<script type=\"application\/ld+json\" class=\"yoast-schema-graph\">{\"@context\":\"https:\\\/\\\/schema.org\",\"@graph\":[{\"@type\":[\"WebPage\",\"ProfilePage\"],\"@id\":\"https:\\\/\\\/jesuitgeneral.org\\\/es\\\/peter-hans-kolvenbach\\\/\",\"url\":\"https:\\\/\\\/jesuitgeneral.org\\\/es\\\/peter-hans-kolvenbach\\\/\",\"name\":\"Peter-Hans Kolvenbach - Jesuit Generals\",\"isPartOf\":{\"@id\":\"https:\\\/\\\/jesuitgeneral.org\\\/es\\\/#website\"},\"primaryImageOfPage\":{\"@id\":\"https:\\\/\\\/jesuitgeneral.org\\\/es\\\/peter-hans-kolvenbach\\\/#primaryimage\"},\"image\":{\"@id\":\"https:\\\/\\\/jesuitgeneral.org\\\/es\\\/peter-hans-kolvenbach\\\/#primaryimage\"},\"thumbnailUrl\":\"https:\\\/\\\/jesuitgeneral.org\\\/wp-content\\\/uploads\\\/2023\\\/05\\\/kolvenbach-signature.png\",\"datePublished\":\"2023-05-19T07:47:09+00:00\",\"dateModified\":\"2024-04-12T08:40:42+00:00\",\"description\":\"Biograf\u00eda, im\u00e1genes y documentos de Peter-Hans Kolvenbach (1928-2016), 29\u00ba Superior General de la Compa\u00f1\u00eda de Jes\u00fas (los jesuitas)\",\"breadcrumb\":{\"@id\":\"https:\\\/\\\/jesuitgeneral.org\\\/es\\\/peter-hans-kolvenbach\\\/#breadcrumb\"},\"inLanguage\":\"es\",\"potentialAction\":[{\"@type\":\"ReadAction\",\"target\":[\"https:\\\/\\\/jesuitgeneral.org\\\/es\\\/peter-hans-kolvenbach\\\/\"]}]},{\"@type\":\"ImageObject\",\"inLanguage\":\"es\",\"@id\":\"https:\\\/\\\/jesuitgeneral.org\\\/es\\\/peter-hans-kolvenbach\\\/#primaryimage\",\"url\":\"https:\\\/\\\/jesuitgeneral.org\\\/wp-content\\\/uploads\\\/2023\\\/05\\\/kolvenbach-signature.png\",\"contentUrl\":\"https:\\\/\\\/jesuitgeneral.org\\\/wp-content\\\/uploads\\\/2023\\\/05\\\/kolvenbach-signature.png\"},{\"@type\":\"BreadcrumbList\",\"@id\":\"https:\\\/\\\/jesuitgeneral.org\\\/es\\\/peter-hans-kolvenbach\\\/#breadcrumb\",\"itemListElement\":[{\"@type\":\"ListItem\",\"position\":1,\"name\":\"Home\",\"item\":\"https:\\\/\\\/jesuitgeneral.org\\\/es\\\/\"},{\"@type\":\"ListItem\",\"position\":2,\"name\":\"Peter-Hans Kolvenbach\"}]},{\"@type\":\"WebSite\",\"@id\":\"https:\\\/\\\/jesuitgeneral.org\\\/es\\\/#website\",\"url\":\"https:\\\/\\\/jesuitgeneral.org\\\/es\\\/\",\"name\":\"Jesuit Generals\",\"description\":\"Sitio web conmemorativo de los Superiores Generales jesuitas\",\"publisher\":{\"@id\":\"https:\\\/\\\/jesuitgeneral.org\\\/es\\\/#organization\"},\"potentialAction\":[{\"@type\":\"SearchAction\",\"target\":{\"@type\":\"EntryPoint\",\"urlTemplate\":\"https:\\\/\\\/jesuitgeneral.org\\\/es\\\/?s={search_term_string}\"},\"query-input\":{\"@type\":\"PropertyValueSpecification\",\"valueRequired\":true,\"valueName\":\"search_term_string\"}}],\"inLanguage\":\"es\"},{\"@type\":\"Organization\",\"@id\":\"https:\\\/\\\/jesuitgeneral.org\\\/es\\\/#organization\",\"name\":\"Compa\u00f1\u00eda de Jes\u00fas\",\"alternateName\":\"Jesuits\",\"url\":\"https:\\\/\\\/jesuitgeneral.org\\\/es\\\/\",\"logo\":{\"@type\":\"ImageObject\",\"inLanguage\":\"es\",\"@id\":\"https:\\\/\\\/jesuitgeneral.org\\\/es\\\/#\\\/schema\\\/logo\\\/image\\\/\",\"url\":\"https:\\\/\\\/jesuitgeneral.org\\\/wp-content\\\/uploads\\\/2023\\\/06\\\/logo-jesuits-global-500.png\",\"contentUrl\":\"https:\\\/\\\/jesuitgeneral.org\\\/wp-content\\\/uploads\\\/2023\\\/06\\\/logo-jesuits-global-500.png\",\"width\":500,\"height\":500,\"caption\":\"Compa\u00f1\u00eda de Jes\u00fas\"},\"image\":{\"@id\":\"https:\\\/\\\/jesuitgeneral.org\\\/es\\\/#\\\/schema\\\/logo\\\/image\\\/\"},\"sameAs\":[\"https:\\\/\\\/www.facebook.com\\\/JesuitsGlobal\",\"https:\\\/\\\/x.com\\\/JesuitsGlobal\",\"https:\\\/\\\/www.instagram.com\\\/JesuitsGlobal\\\/\",\"https:\\\/\\\/www.youtube.com\\\/channel\\\/UCpqwciWoMlKhXL1Ge3L6vug\\\/videos\"],\"mainEntityOfPage\":{\"@id\":\"https:\\\/\\\/jesuitgeneral.org\\\/es\\\/peter-hans-kolvenbach\\\/\"}}]}<\/script>\n<!-- \/ Yoast SEO plugin. -->","yoast_head_json":{"title":"Peter-Hans Kolvenbach - Jesuit Generals","description":"Biograf\u00eda, im\u00e1genes y documentos de Peter-Hans Kolvenbach (1928-2016), 29\u00ba Superior General de la Compa\u00f1\u00eda de Jes\u00fas (los jesuitas)","robots":{"index":"index","follow":"follow","max-snippet":"max-snippet:-1","max-image-preview":"max-image-preview:large","max-video-preview":"max-video-preview:-1"},"canonical":"https:\/\/jesuitgeneral.org\/es\/peter-hans-kolvenbach\/","og_locale":"es_ES","og_type":"article","og_title":"Peter-Hans Kolvenbach - Jesuit Generals","og_description":"Biograf\u00eda, im\u00e1genes y documentos de Peter-Hans Kolvenbach (1928-2016), 29\u00ba Superior General de la Compa\u00f1\u00eda de Jes\u00fas (los jesuitas)","og_url":"https:\/\/jesuitgeneral.org\/es\/peter-hans-kolvenbach\/","og_site_name":"Jesuit Generals","article_publisher":"https:\/\/www.facebook.com\/JesuitsGlobal","article_modified_time":"2024-04-12T08:40:42+00:00","og_image":[{"url":"https:\/\/jesuitgeneral.org\/wp-content\/uploads\/2023\/05\/kolvenbach-signature.png","type":"","width":"","height":""}],"twitter_card":"summary_large_image","twitter_site":"@JesuitsGlobal","twitter_misc":{"Tiempo de lectura":"2 minutos"},"schema":{"@context":"https:\/\/schema.org","@graph":[{"@type":["WebPage","ProfilePage"],"@id":"https:\/\/jesuitgeneral.org\/es\/peter-hans-kolvenbach\/","url":"https:\/\/jesuitgeneral.org\/es\/peter-hans-kolvenbach\/","name":"Peter-Hans Kolvenbach - Jesuit Generals","isPartOf":{"@id":"https:\/\/jesuitgeneral.org\/es\/#website"},"primaryImageOfPage":{"@id":"https:\/\/jesuitgeneral.org\/es\/peter-hans-kolvenbach\/#primaryimage"},"image":{"@id":"https:\/\/jesuitgeneral.org\/es\/peter-hans-kolvenbach\/#primaryimage"},"thumbnailUrl":"https:\/\/jesuitgeneral.org\/wp-content\/uploads\/2023\/05\/kolvenbach-signature.png","datePublished":"2023-05-19T07:47:09+00:00","dateModified":"2024-04-12T08:40:42+00:00","description":"Biograf\u00eda, im\u00e1genes y documentos de Peter-Hans Kolvenbach (1928-2016), 29\u00ba Superior General de la Compa\u00f1\u00eda de Jes\u00fas (los jesuitas)","breadcrumb":{"@id":"https:\/\/jesuitgeneral.org\/es\/peter-hans-kolvenbach\/#breadcrumb"},"inLanguage":"es","potentialAction":[{"@type":"ReadAction","target":["https:\/\/jesuitgeneral.org\/es\/peter-hans-kolvenbach\/"]}]},{"@type":"ImageObject","inLanguage":"es","@id":"https:\/\/jesuitgeneral.org\/es\/peter-hans-kolvenbach\/#primaryimage","url":"https:\/\/jesuitgeneral.org\/wp-content\/uploads\/2023\/05\/kolvenbach-signature.png","contentUrl":"https:\/\/jesuitgeneral.org\/wp-content\/uploads\/2023\/05\/kolvenbach-signature.png"},{"@type":"BreadcrumbList","@id":"https:\/\/jesuitgeneral.org\/es\/peter-hans-kolvenbach\/#breadcrumb","itemListElement":[{"@type":"ListItem","position":1,"name":"Home","item":"https:\/\/jesuitgeneral.org\/es\/"},{"@type":"ListItem","position":2,"name":"Peter-Hans Kolvenbach"}]},{"@type":"WebSite","@id":"https:\/\/jesuitgeneral.org\/es\/#website","url":"https:\/\/jesuitgeneral.org\/es\/","name":"Jesuit Generals","description":"Sitio web conmemorativo de los Superiores Generales jesuitas","publisher":{"@id":"https:\/\/jesuitgeneral.org\/es\/#organization"},"potentialAction":[{"@type":"SearchAction","target":{"@type":"EntryPoint","urlTemplate":"https:\/\/jesuitgeneral.org\/es\/?s={search_term_string}"},"query-input":{"@type":"PropertyValueSpecification","valueRequired":true,"valueName":"search_term_string"}}],"inLanguage":"es"},{"@type":"Organization","@id":"https:\/\/jesuitgeneral.org\/es\/#organization","name":"Compa\u00f1\u00eda de Jes\u00fas","alternateName":"Jesuits","url":"https:\/\/jesuitgeneral.org\/es\/","logo":{"@type":"ImageObject","inLanguage":"es","@id":"https:\/\/jesuitgeneral.org\/es\/#\/schema\/logo\/image\/","url":"https:\/\/jesuitgeneral.org\/wp-content\/uploads\/2023\/06\/logo-jesuits-global-500.png","contentUrl":"https:\/\/jesuitgeneral.org\/wp-content\/uploads\/2023\/06\/logo-jesuits-global-500.png","width":500,"height":500,"caption":"Compa\u00f1\u00eda de Jes\u00fas"},"image":{"@id":"https:\/\/jesuitgeneral.org\/es\/#\/schema\/logo\/image\/"},"sameAs":["https:\/\/www.facebook.com\/JesuitsGlobal","https:\/\/x.com\/JesuitsGlobal","https:\/\/www.instagram.com\/JesuitsGlobal\/","https:\/\/www.youtube.com\/channel\/UCpqwciWoMlKhXL1Ge3L6vug\/videos"],"mainEntityOfPage":{"@id":"https:\/\/jesuitgeneral.org\/es\/peter-hans-kolvenbach\/"}}]}},"_links":{"self":[{"href":"https:\/\/jesuitgeneral.org\/es\/wp-json\/wp\/v2\/pages\/224","targetHints":{"allow":["GET"]}}],"collection":[{"href":"https:\/\/jesuitgeneral.org\/es\/wp-json\/wp\/v2\/pages"}],"about":[{"href":"https:\/\/jesuitgeneral.org\/es\/wp-json\/wp\/v2\/types\/page"}],"author":[{"embeddable":true,"href":"https:\/\/jesuitgeneral.org\/es\/wp-json\/wp\/v2\/users\/1"}],"replies":[{"embeddable":true,"href":"https:\/\/jesuitgeneral.org\/es\/wp-json\/wp\/v2\/comments?post=224"}],"version-history":[{"count":8,"href":"https:\/\/jesuitgeneral.org\/es\/wp-json\/wp\/v2\/pages\/224\/revisions"}],"predecessor-version":[{"id":338,"href":"https:\/\/jesuitgeneral.org\/es\/wp-json\/wp\/v2\/pages\/224\/revisions\/338"}],"wp:attachment":[{"href":"https:\/\/jesuitgeneral.org\/es\/wp-json\/wp\/v2\/media?parent=224"}],"curies":[{"name":"wp","href":"https:\/\/api.w.org\/{rel}","templated":true}]}}