{"id":228,"date":"2023-05-19T07:47:54","date_gmt":"2023-05-19T07:47:54","guid":{"rendered":"https:\/\/jesuitgeneral.org\/adolfo-nicolas\/"},"modified":"2024-04-12T08:39:45","modified_gmt":"2024-04-12T08:39:45","slug":"adolfo-nicolas","status":"publish","type":"page","link":"https:\/\/jesuitgeneral.org\/es\/adolfo-nicolas\/","title":{"rendered":"Adolfo Nicol\u00e1s"},"content":{"rendered":"\n<section class=\"intro black invert p-top--medium p-bottom--medium\"><div class=\"container\">\n<div class=\"row\">\n<div class=\"col-12 col-l-8\">\n<p class=\"text text--display\">\u00abPara todo, sea espiritualidad, apostolado social, o el campo que sea, creo que no hay ning\u00fan atajo. Siempre hay un largo camino por recorrer: el cambio real y el verdadero conocimiento vienen a trav\u00e9s de un largo proceso.\u00bb<\/p>\n\n\n\n<figure class=\"wp-block-image size-full intro__signature\"><img loading=\"lazy\" decoding=\"async\" width=\"640\" height=\"120\" src=\"https:\/\/jesuitgeneral.org\/wp-content\/uploads\/2023\/06\/nicolas-signature.png\" alt=\"La firma del P. Adolfo Nicol&#xE1;s SJ, 30&#xBA; Superior General de la Compa&#xF1;&#xED;a de Jes&#xFA;s\" class=\"wp-image-123\"\/><\/figure>\n<\/div>\n\n\n\n<div class=\"col-12 col-l-4\">\n<figure class=\"wp-block-image size-full intro__image\"><img loading=\"lazy\" decoding=\"async\" width=\"513\" height=\"701\" src=\"https:\/\/jesuitgeneral.org\/wp-content\/uploads\/2023\/05\/nicolas-intro.jpg\" alt=\"P. Adolfo Nicol&#xE1;s SJ, 30&#xBA; Superior General de la Compa&#xF1;&#xED;a de Jes&#xFA;s\" class=\"wp-image-105\" srcset=\"https:\/\/jesuitgeneral.org\/wp-content\/uploads\/2023\/05\/nicolas-intro.jpg 513w, https:\/\/jesuitgeneral.org\/wp-content\/uploads\/2023\/05\/nicolas-intro-220x300.jpg 220w\" sizes=\"auto, (max-width: 513px) 100vw, 513px\" \/><\/figure>\n<\/div>\n<\/div>\n<\/div><\/section>\n\n<section class=\"p-top--large p-bottom--large\"><div class=\"container\">\n<div class=\"row row--center\">\n<div class=\"col-12 col-s-6 col-l-7 styled-content\">\n<h2 class=\"wp-block-heading\">Primeros a\u00f1os y vocaci\u00f3n<\/h2>\n\n\n\n<p>El Padre Adolfo Nicol\u00e1s naci\u00f3 el 29 de abril de 1936 en Palencia, Espa\u00f1a. Sus padres eran Adolfo Nicol\u00e1s Rico y Modesta Pach\u00f3n.<\/p>\n\n\n\n<p>Las vicisitudes pol\u00edticas de la \u00e9poca en Espa\u00f1a obligaron a su familia a abandonar su regi\u00f3n de origen y a trasladarse con frecuencia. Adolfo pas\u00f3 gran parte de su infancia en Barcelona.<\/p>\n\n\n\n<p>Despu\u00e9s de pensar en una carrera educativa en una congregaci\u00f3n de Hermanos docentes, fue puesto en contacto con los jesuitas por su hermano y estudi\u00f3 en un colegio jesuita en Madrid. Entr\u00f3 en el noviciado en septiembre de 1953 en Aranjuez.<\/p>\n\n\n\n<p>Durante su filosof\u00eda, respondi\u00f3 a una llamada del entonces General, el Padre Janssens, quien invit\u00f3 a los jesuitas a ofrecerse como voluntarios para misiones en el extranjero. Eso es lo que lo traer\u00e1 a Jap\u00f3n.<\/p>\n<\/div>\n<\/div>\n<\/div><\/section>\n\n<section class=\"grey-2 p-top--large p-bottom--large\"><div class=\"container\">\n<div class=\"row\">\n<div class=\"col-12 col-m-7 styled-content\">\n<h2 class=\"wp-block-heading\">En Jap\u00f3n y Filipinas<\/h2>\n\n\n\n<p>Se licenci\u00f3 en Filosof\u00eda en Alcal\u00e1 y Madrid, luego se fue a Jap\u00f3n para aprender el idioma y hacer su magisterio. Continu\u00f3 sus estudios teol\u00f3gicos en Tokio, donde fue ordenado sacerdote el 17 de marzo de 1967. Luego complet\u00f3 una Maestr\u00eda en Sagrada Teolog\u00eda en la Universidad Gregoriana (Roma), y fue Profesor de Teolog\u00eda Sistem\u00e1tica en la Universidad de Sophia en Tokio, Jap\u00f3n.<\/p>\n\n\n\n<p>En 1978 y hasta 1984, fue nombrado Director del Instituto Pastoral de Asia Oriental (EAPI) en Manila, Filipinas.<\/p>\n<\/div>\n\n\n\n<div class=\"col-12 col-m-4\" style=\"margin-left:auto;\">\n<figure class=\"wp-block-image size-full\"><img loading=\"lazy\" decoding=\"async\" width=\"502\" height=\"539\" src=\"https:\/\/jesuitgeneral.org\/wp-content\/uploads\/2023\/05\/adolfo-nicolas-portrait.jpg\" alt=\"P. Adolfo Nicol&#xE1;s SJ, 30&#xBA; Superior General de la Compa&#xF1;&#xED;a de Jes&#xFA;s\" class=\"wp-image-107\" srcset=\"https:\/\/jesuitgeneral.org\/wp-content\/uploads\/2023\/05\/adolfo-nicolas-portrait.jpg 502w, https:\/\/jesuitgeneral.org\/wp-content\/uploads\/2023\/05\/adolfo-nicolas-portrait-279x300.jpg 279w\" sizes=\"auto, (max-width: 502px) 100vw, 502px\" \/><\/figure>\n<\/div>\n<\/div>\n<\/div><\/section>\n\n<section class=\"secondary--lighten-4 p-top--large p-bottom--large\"><div class=\"container\">\n<div class=\"row row--center\">\n<div class=\"col-12 col-s-6 col-l-7 styled-content\">\n<h2 class=\"wp-block-heading\">Funciones directivas y Superior General<\/h2>\n\n\n\n<p>Despu\u00e9s de a\u00f1os de servicio all\u00ed, regres\u00f3 a Jap\u00f3n y fue rector del escolasticado de Tokio de 1991 a 1993. Fue entonces cuando fue elegido Provincial de Jap\u00f3n, cargo que ocup\u00f3 hasta 1999.<\/p>\n\n\n\n<p>En 1995, particip\u00f3 en la 34\u00aa Congregaci\u00f3n General; al principio de la cual fue elegido Secretario de la Congregaci\u00f3n.<\/p>\n\n\n\n<p>Poco despu\u00e9s, de 2004 a 2007, fue elegido moderador de la Conferencia de los jesuitas de Asia del Este y Ocean\u00eda, cargo que ocupaba en el momento en que, durante la 35\u00aa Congregaci\u00f3n General de la Compa\u00f1\u00eda de Jes\u00fas, fue elegido Superior General el 19 de enero de 2008.<\/p>\n<\/div>\n<\/div>\n<\/div><\/section>\n\n<section class=\"black invert p-top--large p-bottom--large text--center\"><div class=\"container\"><div class=\"carousel carousel--equal-height gallery gallery--carousel\"><div class=\"carousel__slider\" data-flickity='{\"percentPosition\":\"false\",\"lazyLoad\":2,\"dragThreshold\":10}'>\n<figure class=\"wp-block-image carousel__slide size-large\"><img data-flickity-lazyload=\"https:\/\/jesuitgeneral.org\/wp-content\/uploads\/2023\/06\/nicolas-carousel-5.jpg\" alt=\"P. Adolfo Nicol&#xE1;s SJ, 30&#xBA; Superior General de la Compa&#xF1;&#xED;a de Jes&#xFA;s como Provincial de Jap&#xF3;n\" class=\"wp-image-117\"\/><\/figure>\n\n<figure class=\"wp-block-image carousel__slide size-large\"><img data-flickity-lazyload=\"https:\/\/jesuitgeneral.org\/wp-content\/uploads\/2023\/06\/nicolas-carousel-6.jpg\" alt=\"El P. Adolfo Nicol&#xE1;s SJ, 30&#xBA; Superior General de la Compa&#xF1;&#xED;a de Jes&#xFA;s (los jesuitas) pronunciando una homil&#xED;a durante la Congregaci&#xF3;n General Jesuita 35\" class=\"wp-image-118\"\/><\/figure>\n\n<figure class=\"wp-block-image carousel__slide size-large\"><img data-flickity-lazyload=\"https:\/\/jesuitgeneral.org\/wp-content\/uploads\/2023\/06\/nicolas-carousel-1.jpg\" alt=\"El P. Adolfo Nicol&#xE1;s SJ, 30&#xBA; Superior General de la Compa&#xF1;&#xED;a de Jes&#xFA;s, en la 35&#xAA; Congregaci&#xF3;n General con el P. Peter-Hans Kolvenbach. \" class=\"wp-image-113\"\/><\/figure>\n\n<figure class=\"wp-block-image carousel__slide size-large\"><img data-flickity-lazyload=\"https:\/\/jesuitgeneral.org\/wp-content\/uploads\/2023\/06\/nicolas-carousel-7.jpg\" alt=\"El P. Adolfo Nicol&#xE1;s SJ, 30&#xBA; Superior General de la Compa&#xF1;&#xED;a de Jes&#xFA;s, en un lugar hist&#xF3;rico de la Compa&#xF1;&#xED;a en Sillery, Canad&#xE1;\" class=\"wp-image-119\"\/><\/figure>\n\n<figure class=\"wp-block-image carousel__slide size-large\"><img data-flickity-lazyload=\"https:\/\/jesuitgeneral.org\/wp-content\/uploads\/2023\/06\/nicolas-carousel-2.jpg\" alt=\"El P. Adolfo Nicol&#xE1;s SJ, 30&#xBA; Superior General de la Compa&#xF1;&#xED;a de Jes&#xFA;s, con alumnos de la Academia Loyola\" class=\"wp-image-114\"\/><\/figure>\n\n<figure class=\"wp-block-image carousel__slide size-large\"><img data-flickity-lazyload=\"https:\/\/jesuitgeneral.org\/wp-content\/uploads\/2023\/06\/nicolas-carousel-3.jpg\" alt=\"El P. Adolfo Nicol&#xE1;s SJ, 30&#xBA; Superior General de la Compa&#xF1;&#xED;a de Jes&#xFA;s (los jesuitas), celebrando los votos perpetuos cerca de Homs, Siria\" class=\"wp-image-115\"\/><\/figure>\n\n<figure class=\"wp-block-image carousel__slide size-large\"><img data-flickity-lazyload=\"https:\/\/jesuitgeneral.org\/wp-content\/uploads\/2023\/06\/nicolas-carousel-8.jpg\" alt=\"El P. Adolfo Nicol&#xE1;s SJ, 30&#xBA; Superior General de la Compa&#xF1;&#xED;a de Jes&#xFA;s (los jesuitas) durante una visita\" class=\"wp-image-120\"\/><\/figure>\n\n<figure class=\"wp-block-image carousel__slide size-large\"><img data-flickity-lazyload=\"https:\/\/jesuitgeneral.org\/wp-content\/uploads\/2023\/06\/nicolas-carousel-4.jpg\" alt=\"El P. Adolfo Nicol&#xE1;s SJ, 30&#xBA; Superior General de la Compa&#xF1;&#xED;a de Jes&#xFA;s, durante una visita a Brasil\" class=\"wp-image-116\"\/><\/figure>\n<\/div><\/div>\n\n\n<a href=\"https:\/\/jesuit.media\/?c=61&amp;k=384a1c829d\" class=\"special-link\">Ver m\u00e1s im\u00e1genes<\/a>\n<\/div><\/section>\n\n<section class=\"p-top--large p-bottom--large\"><div class=\"container\">\n<div class=\"row row--center\">\n<div class=\"col-12 col-s-6 col-l-7 styled-content\">\n<h2 class=\"wp-block-heading\">\u00daltimos a\u00f1os<\/h2>\n\n\n\n<p>Considerando que su salud ya no le permit\u00eda llevar a cabo su misi\u00f3n como deb\u00eda, convoc\u00f3 a la <a href=\"https:\/\/gc36.org\/\" target=\"_blank\" rel=\"noreferrer noopener\">36\u00aa Congregaci\u00f3n General<\/a> durante la cual ofreci\u00f3 su dimisi\u00f3n, seg\u00fan las normas de la Compa\u00f1\u00eda de Jes\u00fas, el 3 de octubre de 2016. Una vez aceptado, la Congregaci\u00f3n elegir\u00e1 a su sucesor, el actual General, el P. Arturo Sosa. <\/p>\n\n\n\n<p>El Padre Adolfo Nicol\u00e1s muri\u00f3 en Tokio el 20-05-2020.<\/p>\n<\/div>\n<\/div>\n<\/div><\/section>\n\n<section class=\"grey-2 p-top--large p-bottom--large\"><div class=\"container\">\n<div class=\"row row--center\">\n<div class=\"col-12 col-s-6 col-l-7\">\n<h2 class=\"wp-block-heading h2\">En sus propias palabras<\/h2>\n\n\n\n<p class=\"text\">Les invitamos a leer su entrevista con el equipo de comunicaciones de la 35\u00aa Congregaci\u00f3n General, pocos d\u00edas despu\u00e9s de su elecci\u00f3n como Superior General.<\/p>\n\n\n\n<p class=\"text\">En ella cuenta toda su vida y su camino en la Compa\u00f1\u00eda de Jes\u00fas hasta el momento de su elecci\u00f3n.<\/p>\n\n\n\n<a href=\"https:\/\/jesuit.media\/pages\/view.php?ref=6579&amp;search=%2521collection61&amp;order_by=collection&amp;offset=0&amp;restypes=&amp;archive=&amp;per_page=240&amp;default_sort_direction=DESC&amp;sort=ASC&amp;context=Modal&amp;k=384a1c829d&amp;curpos=\" class=\"special-link special-link--small\">Leer la entrevista<\/a>\n<\/div>\n<\/div>\n<\/div><\/section>\n\n<section class=\"primary--darken-3 invert p-top--huge p-bottom--huge\"><div class=\"container\">\n<div class=\"row\">\n<div class=\"col-12 col-l-7 col-xl-6\">\n<h2 class=\"wp-block-heading h1\">Archivo digital<\/h2>\n\n\n\n<p class=\"text text--lead\">Im\u00e1genes del P. Nicol\u00e1s, discursos, oraciones y testimonios est\u00e1n disponibles en l\u00ednea <\/p>\n\n\n\n<div class=\"wp-block-buttons is-layout-flex wp-block-buttons-is-layout-flex\">\n<div class=\"wp-block-button is-style-outline is-style-outline--1\"><a class=\"wp-block-button__link wp-element-button\" href=\"https:\/\/jesuit.media\/?c=61&amp;k=384a1c829d\" target=\"_blank\" rel=\"noreferrer noopener\">Visite el archivo<\/a><\/div>\n<\/div>\n<\/div>\n\n\n\n<div class=\"col-12 col-l-5 col-xl-6\">\n<figure class=\"wp-block-image size-full\"><a href=\"https:\/\/jesuit.media\/?c=61&amp;k=384a1c829d\"><img loading=\"lazy\" decoding=\"async\" width=\"500\" height=\"333\" src=\"https:\/\/jesuitgeneral.org\/wp-content\/uploads\/2024\/04\/nicolas-jesuit-media.jpg\" alt=\"Una captura de pantalla del archivo de im&#xE1;genes del P. Adolfo Nicol&#xE1;s SJ, 30&#xBA; Superior General de la Compa&#xF1;&#xED;a de Jes&#xFA;s (los jesuitas), en Jesuit.media\" class=\"wp-image-300\" srcset=\"https:\/\/jesuitgeneral.org\/wp-content\/uploads\/2024\/04\/nicolas-jesuit-media.jpg 500w, https:\/\/jesuitgeneral.org\/wp-content\/uploads\/2024\/04\/nicolas-jesuit-media-300x200.jpg 300w\" sizes=\"auto, (max-width: 500px) 100vw, 500px\" \/><\/a><\/figure>\n<\/div>\n<\/div>\n<\/div><\/section>\n","protected":false},"excerpt":{"rendered":"","protected":false},"author":1,"featured_media":0,"parent":0,"menu_order":0,"comment_status":"closed","ping_status":"closed","template":"","meta":{"footnotes":""},"class_list":["post-228","page","type-page","status-publish","hentry","no-thumbnail"],"yoast_head":"<!-- This site is optimized with the Yoast SEO plugin v27.4 - https:\/\/yoast.com\/product\/yoast-seo-wordpress\/ -->\n<title>Adolfo Nicol\u00e1s - Jesuit Generals<\/title>\n<meta name=\"description\" content=\"Biograf\u00eda, im\u00e1genes y documentos de Adolfo Nicol\u00e1s (1936-2020), 30\u00ba Superior General de la Compa\u00f1\u00eda de Jes\u00fas (los jesuitas)\" \/>\n<meta name=\"robots\" content=\"index, follow, max-snippet:-1, max-image-preview:large, max-video-preview:-1\" \/>\n<link rel=\"canonical\" href=\"https:\/\/jesuitgeneral.org\/es\/adolfo-nicolas\/\" \/>\n<meta property=\"og:locale\" content=\"es_ES\" \/>\n<meta property=\"og:type\" content=\"article\" \/>\n<meta property=\"og:title\" content=\"Adolfo Nicol\u00e1s - Jesuit Generals\" \/>\n<meta property=\"og:description\" content=\"Biograf\u00eda, im\u00e1genes y documentos de Adolfo Nicol\u00e1s (1936-2020), 30\u00ba Superior General de la Compa\u00f1\u00eda de Jes\u00fas (los jesuitas)\" \/>\n<meta property=\"og:url\" content=\"https:\/\/jesuitgeneral.org\/es\/adolfo-nicolas\/\" \/>\n<meta property=\"og:site_name\" content=\"Jesuit Generals\" \/>\n<meta property=\"article:publisher\" content=\"https:\/\/www.facebook.com\/JesuitsGlobal\" \/>\n<meta property=\"article:modified_time\" content=\"2024-04-12T08:39:45+00:00\" \/>\n<meta property=\"og:image\" content=\"https:\/\/jesuitgeneral.org\/wp-content\/uploads\/2023\/06\/nicolas-signature.png\" \/>\n<meta name=\"twitter:card\" content=\"summary_large_image\" \/>\n<meta name=\"twitter:site\" content=\"@JesuitsGlobal\" \/>\n<meta name=\"twitter:label1\" content=\"Tiempo de lectura\" \/>\n\t<meta name=\"twitter:data1\" content=\"3 minutos\" \/>\n<script type=\"application\/ld+json\" class=\"yoast-schema-graph\">{\"@context\":\"https:\\\/\\\/schema.org\",\"@graph\":[{\"@type\":[\"WebPage\",\"ProfilePage\"],\"@id\":\"https:\\\/\\\/jesuitgeneral.org\\\/es\\\/adolfo-nicolas\\\/\",\"url\":\"https:\\\/\\\/jesuitgeneral.org\\\/es\\\/adolfo-nicolas\\\/\",\"name\":\"Adolfo Nicol\u00e1s - Jesuit Generals\",\"isPartOf\":{\"@id\":\"https:\\\/\\\/jesuitgeneral.org\\\/es\\\/#website\"},\"primaryImageOfPage\":{\"@id\":\"https:\\\/\\\/jesuitgeneral.org\\\/es\\\/adolfo-nicolas\\\/#primaryimage\"},\"image\":{\"@id\":\"https:\\\/\\\/jesuitgeneral.org\\\/es\\\/adolfo-nicolas\\\/#primaryimage\"},\"thumbnailUrl\":\"https:\\\/\\\/jesuitgeneral.org\\\/wp-content\\\/uploads\\\/2023\\\/06\\\/nicolas-signature.png\",\"datePublished\":\"2023-05-19T07:47:54+00:00\",\"dateModified\":\"2024-04-12T08:39:45+00:00\",\"description\":\"Biograf\u00eda, im\u00e1genes y documentos de Adolfo Nicol\u00e1s (1936-2020), 30\u00ba Superior General de la Compa\u00f1\u00eda de Jes\u00fas (los jesuitas)\",\"breadcrumb\":{\"@id\":\"https:\\\/\\\/jesuitgeneral.org\\\/es\\\/adolfo-nicolas\\\/#breadcrumb\"},\"inLanguage\":\"es\",\"potentialAction\":[{\"@type\":\"ReadAction\",\"target\":[\"https:\\\/\\\/jesuitgeneral.org\\\/es\\\/adolfo-nicolas\\\/\"]}]},{\"@type\":\"ImageObject\",\"inLanguage\":\"es\",\"@id\":\"https:\\\/\\\/jesuitgeneral.org\\\/es\\\/adolfo-nicolas\\\/#primaryimage\",\"url\":\"https:\\\/\\\/jesuitgeneral.org\\\/wp-content\\\/uploads\\\/2023\\\/06\\\/nicolas-signature.png\",\"contentUrl\":\"https:\\\/\\\/jesuitgeneral.org\\\/wp-content\\\/uploads\\\/2023\\\/06\\\/nicolas-signature.png\"},{\"@type\":\"BreadcrumbList\",\"@id\":\"https:\\\/\\\/jesuitgeneral.org\\\/es\\\/adolfo-nicolas\\\/#breadcrumb\",\"itemListElement\":[{\"@type\":\"ListItem\",\"position\":1,\"name\":\"Home\",\"item\":\"https:\\\/\\\/jesuitgeneral.org\\\/es\\\/\"},{\"@type\":\"ListItem\",\"position\":2,\"name\":\"Adolfo Nicol\u00e1s\"}]},{\"@type\":\"WebSite\",\"@id\":\"https:\\\/\\\/jesuitgeneral.org\\\/es\\\/#website\",\"url\":\"https:\\\/\\\/jesuitgeneral.org\\\/es\\\/\",\"name\":\"Jesuit Generals\",\"description\":\"Sitio web conmemorativo de los Superiores Generales jesuitas\",\"publisher\":{\"@id\":\"https:\\\/\\\/jesuitgeneral.org\\\/es\\\/#organization\"},\"potentialAction\":[{\"@type\":\"SearchAction\",\"target\":{\"@type\":\"EntryPoint\",\"urlTemplate\":\"https:\\\/\\\/jesuitgeneral.org\\\/es\\\/?s={search_term_string}\"},\"query-input\":{\"@type\":\"PropertyValueSpecification\",\"valueRequired\":true,\"valueName\":\"search_term_string\"}}],\"inLanguage\":\"es\"},{\"@type\":\"Organization\",\"@id\":\"https:\\\/\\\/jesuitgeneral.org\\\/es\\\/#organization\",\"name\":\"Compa\u00f1\u00eda de Jes\u00fas\",\"alternateName\":\"Jesuits\",\"url\":\"https:\\\/\\\/jesuitgeneral.org\\\/es\\\/\",\"logo\":{\"@type\":\"ImageObject\",\"inLanguage\":\"es\",\"@id\":\"https:\\\/\\\/jesuitgeneral.org\\\/es\\\/#\\\/schema\\\/logo\\\/image\\\/\",\"url\":\"https:\\\/\\\/jesuitgeneral.org\\\/wp-content\\\/uploads\\\/2023\\\/06\\\/logo-jesuits-global-500.png\",\"contentUrl\":\"https:\\\/\\\/jesuitgeneral.org\\\/wp-content\\\/uploads\\\/2023\\\/06\\\/logo-jesuits-global-500.png\",\"width\":500,\"height\":500,\"caption\":\"Compa\u00f1\u00eda de Jes\u00fas\"},\"image\":{\"@id\":\"https:\\\/\\\/jesuitgeneral.org\\\/es\\\/#\\\/schema\\\/logo\\\/image\\\/\"},\"sameAs\":[\"https:\\\/\\\/www.facebook.com\\\/JesuitsGlobal\",\"https:\\\/\\\/x.com\\\/JesuitsGlobal\",\"https:\\\/\\\/www.instagram.com\\\/JesuitsGlobal\\\/\",\"https:\\\/\\\/www.youtube.com\\\/channel\\\/UCpqwciWoMlKhXL1Ge3L6vug\\\/videos\"],\"mainEntityOfPage\":{\"@id\":\"https:\\\/\\\/jesuitgeneral.org\\\/es\\\/adolfo-nicolas\\\/\"}}]}<\/script>\n<!-- \/ Yoast SEO plugin. -->","yoast_head_json":{"title":"Adolfo Nicol\u00e1s - Jesuit Generals","description":"Biograf\u00eda, im\u00e1genes y documentos de Adolfo Nicol\u00e1s (1936-2020), 30\u00ba Superior General de la Compa\u00f1\u00eda de Jes\u00fas (los jesuitas)","robots":{"index":"index","follow":"follow","max-snippet":"max-snippet:-1","max-image-preview":"max-image-preview:large","max-video-preview":"max-video-preview:-1"},"canonical":"https:\/\/jesuitgeneral.org\/es\/adolfo-nicolas\/","og_locale":"es_ES","og_type":"article","og_title":"Adolfo Nicol\u00e1s - Jesuit Generals","og_description":"Biograf\u00eda, im\u00e1genes y documentos de Adolfo Nicol\u00e1s (1936-2020), 30\u00ba Superior General de la Compa\u00f1\u00eda de Jes\u00fas (los jesuitas)","og_url":"https:\/\/jesuitgeneral.org\/es\/adolfo-nicolas\/","og_site_name":"Jesuit Generals","article_publisher":"https:\/\/www.facebook.com\/JesuitsGlobal","article_modified_time":"2024-04-12T08:39:45+00:00","og_image":[{"url":"https:\/\/jesuitgeneral.org\/wp-content\/uploads\/2023\/06\/nicolas-signature.png","type":"","width":"","height":""}],"twitter_card":"summary_large_image","twitter_site":"@JesuitsGlobal","twitter_misc":{"Tiempo de lectura":"3 minutos"},"schema":{"@context":"https:\/\/schema.org","@graph":[{"@type":["WebPage","ProfilePage"],"@id":"https:\/\/jesuitgeneral.org\/es\/adolfo-nicolas\/","url":"https:\/\/jesuitgeneral.org\/es\/adolfo-nicolas\/","name":"Adolfo Nicol\u00e1s - Jesuit Generals","isPartOf":{"@id":"https:\/\/jesuitgeneral.org\/es\/#website"},"primaryImageOfPage":{"@id":"https:\/\/jesuitgeneral.org\/es\/adolfo-nicolas\/#primaryimage"},"image":{"@id":"https:\/\/jesuitgeneral.org\/es\/adolfo-nicolas\/#primaryimage"},"thumbnailUrl":"https:\/\/jesuitgeneral.org\/wp-content\/uploads\/2023\/06\/nicolas-signature.png","datePublished":"2023-05-19T07:47:54+00:00","dateModified":"2024-04-12T08:39:45+00:00","description":"Biograf\u00eda, im\u00e1genes y documentos de Adolfo Nicol\u00e1s (1936-2020), 30\u00ba Superior General de la Compa\u00f1\u00eda de Jes\u00fas (los jesuitas)","breadcrumb":{"@id":"https:\/\/jesuitgeneral.org\/es\/adolfo-nicolas\/#breadcrumb"},"inLanguage":"es","potentialAction":[{"@type":"ReadAction","target":["https:\/\/jesuitgeneral.org\/es\/adolfo-nicolas\/"]}]},{"@type":"ImageObject","inLanguage":"es","@id":"https:\/\/jesuitgeneral.org\/es\/adolfo-nicolas\/#primaryimage","url":"https:\/\/jesuitgeneral.org\/wp-content\/uploads\/2023\/06\/nicolas-signature.png","contentUrl":"https:\/\/jesuitgeneral.org\/wp-content\/uploads\/2023\/06\/nicolas-signature.png"},{"@type":"BreadcrumbList","@id":"https:\/\/jesuitgeneral.org\/es\/adolfo-nicolas\/#breadcrumb","itemListElement":[{"@type":"ListItem","position":1,"name":"Home","item":"https:\/\/jesuitgeneral.org\/es\/"},{"@type":"ListItem","position":2,"name":"Adolfo Nicol\u00e1s"}]},{"@type":"WebSite","@id":"https:\/\/jesuitgeneral.org\/es\/#website","url":"https:\/\/jesuitgeneral.org\/es\/","name":"Jesuit Generals","description":"Sitio web conmemorativo de los Superiores Generales jesuitas","publisher":{"@id":"https:\/\/jesuitgeneral.org\/es\/#organization"},"potentialAction":[{"@type":"SearchAction","target":{"@type":"EntryPoint","urlTemplate":"https:\/\/jesuitgeneral.org\/es\/?s={search_term_string}"},"query-input":{"@type":"PropertyValueSpecification","valueRequired":true,"valueName":"search_term_string"}}],"inLanguage":"es"},{"@type":"Organization","@id":"https:\/\/jesuitgeneral.org\/es\/#organization","name":"Compa\u00f1\u00eda de Jes\u00fas","alternateName":"Jesuits","url":"https:\/\/jesuitgeneral.org\/es\/","logo":{"@type":"ImageObject","inLanguage":"es","@id":"https:\/\/jesuitgeneral.org\/es\/#\/schema\/logo\/image\/","url":"https:\/\/jesuitgeneral.org\/wp-content\/uploads\/2023\/06\/logo-jesuits-global-500.png","contentUrl":"https:\/\/jesuitgeneral.org\/wp-content\/uploads\/2023\/06\/logo-jesuits-global-500.png","width":500,"height":500,"caption":"Compa\u00f1\u00eda de Jes\u00fas"},"image":{"@id":"https:\/\/jesuitgeneral.org\/es\/#\/schema\/logo\/image\/"},"sameAs":["https:\/\/www.facebook.com\/JesuitsGlobal","https:\/\/x.com\/JesuitsGlobal","https:\/\/www.instagram.com\/JesuitsGlobal\/","https:\/\/www.youtube.com\/channel\/UCpqwciWoMlKhXL1Ge3L6vug\/videos"],"mainEntityOfPage":{"@id":"https:\/\/jesuitgeneral.org\/es\/adolfo-nicolas\/"}}]}},"_links":{"self":[{"href":"https:\/\/jesuitgeneral.org\/es\/wp-json\/wp\/v2\/pages\/228","targetHints":{"allow":["GET"]}}],"collection":[{"href":"https:\/\/jesuitgeneral.org\/es\/wp-json\/wp\/v2\/pages"}],"about":[{"href":"https:\/\/jesuitgeneral.org\/es\/wp-json\/wp\/v2\/types\/page"}],"author":[{"embeddable":true,"href":"https:\/\/jesuitgeneral.org\/es\/wp-json\/wp\/v2\/users\/1"}],"replies":[{"embeddable":true,"href":"https:\/\/jesuitgeneral.org\/es\/wp-json\/wp\/v2\/comments?post=228"}],"version-history":[{"count":11,"href":"https:\/\/jesuitgeneral.org\/es\/wp-json\/wp\/v2\/pages\/228\/revisions"}],"predecessor-version":[{"id":329,"href":"https:\/\/jesuitgeneral.org\/es\/wp-json\/wp\/v2\/pages\/228\/revisions\/329"}],"wp:attachment":[{"href":"https:\/\/jesuitgeneral.org\/es\/wp-json\/wp\/v2\/media?parent=228"}],"curies":[{"name":"wp","href":"https:\/\/api.w.org\/{rel}","templated":true}]}}