{"id":226,"date":"2023-05-19T07:47:09","date_gmt":"2023-05-19T07:47:09","guid":{"rendered":"https:\/\/jesuitgeneral.org\/peter-hans-kolvenbach\/"},"modified":"2024-04-12T08:40:42","modified_gmt":"2024-04-12T08:40:42","slug":"peter-hans-kolvenbach","status":"publish","type":"page","link":"https:\/\/jesuitgeneral.org\/fr\/peter-hans-kolvenbach\/","title":{"rendered":"Peter-Hans Kolvenbach"},"content":{"rendered":"\n<section class=\"intro black invert p-top--medium p-bottom--medium\"><div class=\"container\">\n<div class=\"row\">\n<div class=\"col-12 col-l-8\">\n<p class=\"text text--display\">\u00abLe but de l&rsquo;\u00e9ducation j\u00e9suite est de former des hommes et des femmes pour les autres, des personnes comp\u00e9tentes, conscientes et engag\u00e9es avec compassion\u00bb<\/p>\n\n\n\n<figure class=\"wp-block-image size-full intro__signature\"><img loading=\"lazy\" decoding=\"async\" width=\"700\" height=\"118\" src=\"https:\/\/jesuitgeneral.org\/wp-content\/uploads\/2023\/05\/kolvenbach-signature.png\" alt=\"La signature du P&#xE8;re Peter-Hans Kolvenbach SJ, 29&#xE8;me Sup&#xE9;rieur G&#xE9;n&#xE9;ral de la Compagnie de J&#xE9;sus (les J&#xE9;suites)\" class=\"wp-image-103\" srcset=\"https:\/\/jesuitgeneral.org\/wp-content\/uploads\/2023\/05\/kolvenbach-signature.png 700w, https:\/\/jesuitgeneral.org\/wp-content\/uploads\/2023\/05\/kolvenbach-signature-300x51.png 300w\" sizes=\"auto, (max-width: 700px) 100vw, 700px\" \/><\/figure>\n<\/div>\n\n\n\n<div class=\"col-12 col-l-4\">\n<figure class=\"wp-block-image size-full intro__image\"><img loading=\"lazy\" decoding=\"async\" width=\"305\" height=\"400\" src=\"https:\/\/jesuitgeneral.org\/wp-content\/uploads\/2023\/05\/kolvenbach-walking.jpg\" alt=\"Le P&#xE8;re Peter-Hans Kolvenbach SJ, 29&#xE8;me Sup&#xE9;rieur G&#xE9;n&#xE9;ral de la Compagnie de J&#xE9;sus (les J&#xE9;suites), marchant &#xE0; Rome pr&#xE8;s de la Curie G&#xE9;n&#xE9;ralice des J&#xE9;suites. \" class=\"wp-image-90\"\/><\/figure>\n<\/div>\n<\/div>\n<\/div><\/section>\n\n<section class=\"p-top--large p-bottom--large\"><div class=\"container\">\n<div class=\"row row--center\">\n<div class=\"col-12 col-s-6 col-l-7 styled-content\">\n<h2 class=\"wp-block-heading\">Jeunes ann\u00e9es et vocation<\/h2>\n\n\n\n<p>Le P\u00e8re Peter-Hans Kolvenbach est n\u00e9 le 30 novembre 1928 \u00e0 Druten (Gelderland, Pays-Bas). Ses parents \u00e9taient Gerardo Kolvenbach (Allemand) et Jacoba Domensino (Italienne).<\/p>\n\n\n\n<p>Il a connu la Compagnie de J\u00e9sus lors de sa scolarit\u00e9 en secondaire au Coll\u00e8ge Canisius ; apr\u00e8s une ann\u00e9e d\u2019\u00e9tude du latin et du grec, il est entr\u00e9 au noviciat de Grave le 7 septembre 1948. Il a prononc\u00e9 ses premiers v\u0153ux le 8 septembre 1950. Apr\u00e8s un an de juv\u00e9nat \u00e0 Grave et trois ans de philosophie \u00e0 l\u2019Institut Berchmans de Nim\u00e8gue, il re\u00e7oit sa destination pour le Liban en 1958.<\/p>\n<\/div>\n<\/div>\n<\/div><\/section>\n\n<section class=\"grey-2 p-top--large p-bottom--large\"><div class=\"container\">\n<div class=\"row\">\n<div class=\"col-12 col-m-7 styled-content\">\n<h2 class=\"wp-block-heading\">Un expert du Proche-Orient<\/h2>\n\n\n\n<p>D\u00e8s le d\u00e9but de sa nouvelle mission, il se met \u00e0 l\u2019apprentissage de l\u2019arabe en cherchant des contacts directs avec les gens. Dans le cadre de sa nouvelle mission au Proche-Orient, il se sp\u00e9cialise aussi en langue et litt\u00e9rature arm\u00e9niennes.<\/p>\n\n\n\n<p>Il fait sa th\u00e9ologie \u00e0 l\u2019Universit\u00e9 Saint-Joseph de Beyrouth pendant quatre ann\u00e9es. Le Vicaire apostolique de Beyrouth, Eustace John Smith, OFM, l\u2019ordonne pr\u00eatre le 29 juin 1961, dans le rite arm\u00e9nien.<\/p>\n\n\n\n<p>Il poursuit ses \u00e9tudes de philologie et linguistique \u00e0 Beyrouth et Paris. Il ach\u00e8ve son parcours de formation \u00e0 Cleveland (Etats-Unis) o\u00f9 il fait son troisi\u00e8me an. Il fait profession solennelle le 15 ao\u00fbt 1969.<\/p>\n\n\n\n<p>A l\u2019Universit\u00e9 Saint-Joseph de Beyrouth il est professeur de linguistique g\u00e9n\u00e9rale et de langue et litt\u00e9rature arm\u00e9niennes (1968-1974). En 1974 il est nomm\u00e9 Vice-Provincial du Proche-Orient. Il participe \u00e0 la 32\u00e8me Congr\u00e9gation G\u00e9n\u00e9rale (1975).<\/p>\n\n\n\n<p>En 1981, il est appel\u00e9 \u00e0 Rome pour devenir Recteur de l\u2019Institut Pontifical Oriental.<\/p>\n<\/div>\n\n\n\n<div class=\"col-12 col-m-4\" style=\"margin-left:auto;\">\n<figure class=\"wp-block-image size-full\"><img loading=\"lazy\" decoding=\"async\" width=\"400\" height=\"600\" src=\"https:\/\/jesuitgeneral.org\/wp-content\/uploads\/2023\/05\/kolvenbach-armenian-rite.jpg\" alt=\"Le P&#xE8;re Peter-Hans Kolvenbach SJ, 29&#xE8;me Sup&#xE9;rieur G&#xE9;n&#xE9;ral de la Compagnie de J&#xE9;sus (les J&#xE9;suites) c&#xE9;l&#xE9;brant la messe en rite arm&#xE9;nien \" class=\"wp-image-74\" srcset=\"https:\/\/jesuitgeneral.org\/wp-content\/uploads\/2023\/05\/kolvenbach-armenian-rite.jpg 400w, https:\/\/jesuitgeneral.org\/wp-content\/uploads\/2023\/05\/kolvenbach-armenian-rite-200x300.jpg 200w\" sizes=\"auto, (max-width: 400px) 100vw, 400px\" \/><\/figure>\n<\/div>\n<\/div>\n<\/div><\/section>\n\n<section class=\"secondary--lighten-4 p-top--large p-bottom--large\"><div class=\"container\">\n<div class=\"row row--center\">\n<div class=\"col-12 col-s-6 col-l-7 styled-content\">\n<h2 class=\"wp-block-heading\">Sup\u00e9rieur g\u00e9n\u00e9ral<\/h2>\n\n\n\n<p>Il participe \u00e0 la 33\u00e8me Congr\u00e9gation G\u00e9n\u00e9rale comme \u00e9lecteur de sa Vice-Province, et il est \u00e9lu Sup\u00e9rieur G\u00e9n\u00e9ral le 13 septembre 1983.<\/p>\n\n\n\n<p>Il a convoqu\u00e9 et pr\u00e9sid\u00e9 la 34\u00e8me Congr\u00e9gation G\u00e9n\u00e9rale (1995).<\/p>\n\n\n\n<p>Au fil de son long g\u00e9n\u00e9ralat, il a particip\u00e9 \u00e0 de nombreux Synodes des Ev\u00eaques ; pour le Vatican, il a \u00e9t\u00e9 membre de la Congr\u00e9gation pour l\u2019Evang\u00e9lisation des Peuples ainsi que de la Congr\u00e9gation pour les Instituts de Vie Consacr\u00e9e ; il a \u00e9t\u00e9 consulteur de la Congr\u00e9gation pour les Eglises Orientales.<\/p>\n<\/div>\n<\/div>\n<\/div><\/section>\n\n<section class=\"black invert p-top--large p-bottom--large text--center\"><div class=\"container\"><div class=\"carousel carousel--equal-height gallery gallery--carousel\"><div class=\"carousel__slider\" data-flickity='{\"percentPosition\":\"false\",\"lazyLoad\":2,\"dragThreshold\":10}'>\n<figure class=\"wp-block-image carousel__slide size-large\"><img data-flickity-lazyload=\"https:\/\/jesuitgeneral.org\/wp-content\/uploads\/2023\/05\/kolvenbach-carousel-7.jpg\" alt=\"Le p&#xE8;re Peter-Hans Kolvenbach, 29e sup&#xE9;rieur g&#xE9;n&#xE9;ral de la Compagnie de J&#xE9;sus (les J&#xE9;suites), devant un kiosque &#xE0; journaux &#xE0; Rome Image par Don Doll SJ\" class=\"wp-image-80\"\/><\/figure>\n\n<figure class=\"wp-block-image carousel__slide size-large\"><img data-flickity-lazyload=\"https:\/\/jesuitgeneral.org\/wp-content\/uploads\/2023\/05\/kolvenbach-carousel-6.jpg\" alt=\"Le p&#xE8;re Peter-Hans Kolvenbach SJ, 29e sup&#xE9;rieur g&#xE9;n&#xE9;ral de la Compagnie de J&#xE9;sus (les J&#xE9;suites), tapant &#xE0; la machine &#xE0; &#xE9;crire dans son bureau &#xE0; la Curie g&#xE9;n&#xE9;rale des J&#xE9;suites &#xE0; Rome Image par Don Doll SJ\" class=\"wp-image-81\"\/><\/figure>\n\n<figure class=\"wp-block-image carousel__slide size-large\"><img data-flickity-lazyload=\"https:\/\/jesuitgeneral.org\/wp-content\/uploads\/2023\/05\/kolvenbach-carousel-9.jpg\" alt=\"Le P&#xE8;re Peter-Hans Kolvenbach SJ, 29&#xE8;me Sup&#xE9;rieur G&#xE9;n&#xE9;ral de la Compagnie de J&#xE9;sus (les J&#xE9;suites), c&#xE9;l&#xE9;brant la messe &#xE0; Sacred Heart Missions &#xE0; DeSmet (Idaho, USA) avec des membres de la tribu Coeur d'Alene \" class=\"wp-image-78\"\/><\/figure>\n\n<figure class=\"wp-block-image carousel__slide size-large\"><img data-flickity-lazyload=\"https:\/\/jesuitgeneral.org\/wp-content\/uploads\/2023\/05\/kolvenbach-carousel-5.jpg\" alt=\"Portrait du p&#xE8;re Peter-Hans Kolvenbach SJ, 29e sup&#xE9;rieur g&#xE9;n&#xE9;ral de la Compagnie de J&#xE9;sus (les J&#xE9;suites), devant la basilique Saint-Pierre &#xE0; Rome Image par Don Doll SJ\" class=\"wp-image-82\"\/><\/figure>\n\n<figure class=\"wp-block-image carousel__slide size-large\"><img data-flickity-lazyload=\"https:\/\/jesuitgeneral.org\/wp-content\/uploads\/2023\/05\/kolvenbach-carousel-4.jpg\" alt=\"Le P&#xE8;re Peter-Hans Kolvenbach SJ, 29&#xE8;me Sup&#xE9;rieur G&#xE9;n&#xE9;ral de la Compagnie de J&#xE9;sus (les J&#xE9;suites) quittant l'Aula de la 35&#xE8;me Congr&#xE9;gation G&#xE9;n&#xE9;rale des J&#xE9;suites \" class=\"wp-image-83\"\/><\/figure>\n\n<figure class=\"wp-block-image carousel__slide size-large\"><img data-flickity-lazyload=\"https:\/\/jesuitgeneral.org\/wp-content\/uploads\/2023\/05\/kolvenbach-carousel-3.jpg\" alt=\"Le P&#xE8;re Peter-Hans Kolvenbach SJ, 29&#xE8;me Sup&#xE9;rieur G&#xE9;n&#xE9;ral de la Compagnie de J&#xE9;sus, priant sur le lieu de s&#xE9;pulture des victimes j&#xE9;suites du g&#xE9;nocide au Rwanda \" class=\"wp-image-84\"\/><\/figure>\n\n<figure class=\"wp-block-image carousel__slide size-large\"><img data-flickity-lazyload=\"https:\/\/jesuitgeneral.org\/wp-content\/uploads\/2023\/05\/kolvenbach-carousel-2.jpg\" alt=\"Le P&#xE8;re Peter-Hans Kolvenbach SJ, 29&#xE8;me Sup&#xE9;rieur de la Compagnie de J&#xE9;sus (les J&#xE9;suites) pr&#xE9;side une messe &#xE0; la Congr&#xE9;gation des Provinciaux &#xE0; Loyola, en Espagne\" class=\"wp-image-85\"\/><\/figure>\n\n<figure class=\"wp-block-image carousel__slide size-large\"><img data-flickity-lazyload=\"https:\/\/jesuitgeneral.org\/wp-content\/uploads\/2023\/05\/kolvenbach-carousel-1.jpg\" alt=\"Le P&#xE8;re Peter-Hans Kolvenbach SJ, 29&#xE8;me Sup&#xE9;rieur G&#xE9;n&#xE9;ral de la Compagnie de J&#xE9;sus, visite le Monument de Wounded Knee dans le Dakota du Sud, USA \" class=\"wp-image-86\"\/><\/figure>\n\n<figure class=\"wp-block-image carousel__slide size-large\"><img data-flickity-lazyload=\"https:\/\/jesuitgeneral.org\/wp-content\/uploads\/2023\/05\/kolvenbach-carousel-8.jpg\" alt=\"Portrait des P&#xE8;res Adolfo Nicol&#xE1;s SJ et Peter-Hans Kolvenbach SJ, 30e et 29e Sup&#xE9;rieurs g&#xE9;n&#xE9;raux de la Compagnie de J&#xE9;sus (les J&#xE9;suites), sur le toit de la Curie des J&#xE9;suites &#xE0; Rome  \" class=\"wp-image-79\"\/><\/figure>\n\n<figure class=\"wp-block-image carousel__slide size-large\"><img data-flickity-lazyload=\"https:\/\/jesuitgeneral.org\/wp-content\/uploads\/2023\/05\/kolvenbach-carousel-10.jpg\" alt=\"Le P&#xE8;re Peter-Hans Kolvenbach SJ, 29&#xE8;me Sup&#xE9;rieur G&#xE9;n&#xE9;ral de la Compagnie de J&#xE9;sus, avec le Pape Jean-Paul II lors de la b&#xE9;atification de Jose M. Rubio \" class=\"wp-image-76\"\/><\/figure>\n<\/div><\/div>\n\n\n<a href=\"https:\/\/jesuit.media\/?c=60&amp;k=384a1c829d\" class=\"special-link\">Voir plus d&rsquo;images<\/a>\n<\/div><\/section>\n\n<section class=\"p-top--large p-bottom--large\"><div class=\"container\">\n<div class=\"row row--center\">\n<div class=\"col-12 col-s-6 col-l-7 styled-content\">\n<h2 class=\"wp-block-heading\">Retour au Proche-Orient et derni\u00e8res ann\u00e9es<\/h2>\n\n\n\n<p>La 35\u00e8me Congr\u00e9gation G\u00e9n\u00e9rale a accept\u00e9 sa d\u00e9mission le 14 janvier 2008 en lui exprimant sa reconnaissance, au nom de toute la Compagnie, pour son g\u00e9n\u00e9reux service en tant que Sup\u00e9rieur G\u00e9n\u00e9ral.<\/p>\n\n\n\n<p>Au terme de la Congr\u00e9gation il est retourn\u00e9 dans sa Province du Proche-Orient. Ces derni\u00e8res ann\u00e9es, il a continu\u00e9 \u00e0 travailler sur des sujets li\u00e9s \u00e0 sa sp\u00e9cialit\u00e9 en langue et litt\u00e9rature arm\u00e9niennes.<\/p>\n\n\n\n<p>Il est d\u00e9c\u00e9d\u00e9 \u00e0 Beyrouth le 26 novembre 2016 apr\u00e8s une br\u00e8ve hospitalisation.<\/p>\n<\/div>\n<\/div>\n<\/div><\/section>\n\n<section class=\"primary--darken-3 invert p-top--huge p-bottom--huge\"><div class=\"container\">\n<div class=\"row\">\n<div class=\"col-12 col-l-7 col-xl-6\">\n<h2 class=\"wp-block-heading h1\">Archives digitales<\/h2>\n\n\n\n<p class=\"text text--lead\">Des images du p\u00e8re Kolvenbach, des discours, des pri\u00e8res et des t\u00e9moignages sont disponibles en ligne <\/p>\n\n\n\n<div class=\"wp-block-buttons is-layout-flex wp-block-buttons-is-layout-flex\">\n<div class=\"wp-block-button is-style-outline is-style-outline--1\"><a class=\"wp-block-button__link wp-element-button\" href=\"https:\/\/jesuit.media\/?c=60&amp;k=384a1c829d\" target=\"_blank\" rel=\"noreferrer noopener\">Visiter les archives<\/a><\/div>\n<\/div>\n<\/div>\n\n\n\n<div class=\"col-12 col-l-5 col-xl-6\">\n<figure class=\"wp-block-image size-full\"><a href=\"https:\/\/jesuit.media\/?c=60&amp;k=384a1c829d\"><img loading=\"lazy\" decoding=\"async\" width=\"500\" height=\"333\" src=\"https:\/\/jesuitgeneral.org\/wp-content\/uploads\/2024\/04\/kolvenbach-jesuit-media.jpg\" alt=\"Capture d'&#xE9;cran des archives d'images du P&#xE8;re Peter-Hans Kolvenbach SJ, 29&#xE8;me Sup&#xE9;rieur G&#xE9;n&#xE9;ral de la Compagnie de J&#xE9;sus (les J&#xE9;suites), sur Jesuit.media\" class=\"wp-image-297\" srcset=\"https:\/\/jesuitgeneral.org\/wp-content\/uploads\/2024\/04\/kolvenbach-jesuit-media.jpg 500w, https:\/\/jesuitgeneral.org\/wp-content\/uploads\/2024\/04\/kolvenbach-jesuit-media-300x200.jpg 300w\" sizes=\"auto, (max-width: 500px) 100vw, 500px\" \/><\/a><\/figure>\n<\/div>\n<\/div>\n<\/div><\/section>\n","protected":false},"excerpt":{"rendered":"","protected":false},"author":1,"featured_media":0,"parent":0,"menu_order":0,"comment_status":"closed","ping_status":"closed","template":"","meta":{"footnotes":""},"class_list":["post-226","page","type-page","status-publish","hentry","no-thumbnail"],"yoast_head":"<!-- This site is optimized with the Yoast SEO plugin v27.4 - https:\/\/yoast.com\/product\/yoast-seo-wordpress\/ -->\n<title>Peter-Hans Kolvenbach - Jesuit Generals<\/title>\n<meta name=\"description\" content=\"Biographie, images et documents de Peter-Hans Kolvenbach (1928-2016), 29e Sup\u00e9rieur g\u00e9n\u00e9ral de la Compagnie de J\u00e9sus (les J\u00e9suites)\" \/>\n<meta name=\"robots\" content=\"index, follow, max-snippet:-1, max-image-preview:large, max-video-preview:-1\" \/>\n<link rel=\"canonical\" href=\"https:\/\/jesuitgeneral.org\/fr\/peter-hans-kolvenbach\/\" \/>\n<meta property=\"og:locale\" content=\"fr_FR\" \/>\n<meta property=\"og:type\" content=\"article\" \/>\n<meta property=\"og:title\" content=\"Peter-Hans Kolvenbach - Jesuit Generals\" \/>\n<meta property=\"og:description\" content=\"Biographie, images et documents de Peter-Hans Kolvenbach (1928-2016), 29e Sup\u00e9rieur g\u00e9n\u00e9ral de la Compagnie de J\u00e9sus (les J\u00e9suites)\" \/>\n<meta property=\"og:url\" content=\"https:\/\/jesuitgeneral.org\/fr\/peter-hans-kolvenbach\/\" \/>\n<meta property=\"og:site_name\" content=\"Jesuit Generals\" \/>\n<meta property=\"article:publisher\" content=\"https:\/\/www.facebook.com\/JesuitsGlobal\" \/>\n<meta property=\"article:modified_time\" content=\"2024-04-12T08:40:42+00:00\" \/>\n<meta property=\"og:image\" content=\"https:\/\/jesuitgeneral.org\/wp-content\/uploads\/2023\/05\/kolvenbach-signature.png\" \/>\n<meta name=\"twitter:card\" content=\"summary_large_image\" \/>\n<meta name=\"twitter:site\" content=\"@JesuitsGlobal\" \/>\n<meta name=\"twitter:label1\" content=\"Dur\u00e9e de lecture estim\u00e9e\" \/>\n\t<meta name=\"twitter:data1\" content=\"3 minutes\" \/>\n<script type=\"application\/ld+json\" class=\"yoast-schema-graph\">{\"@context\":\"https:\\\/\\\/schema.org\",\"@graph\":[{\"@type\":[\"WebPage\",\"ProfilePage\"],\"@id\":\"https:\\\/\\\/jesuitgeneral.org\\\/fr\\\/peter-hans-kolvenbach\\\/\",\"url\":\"https:\\\/\\\/jesuitgeneral.org\\\/fr\\\/peter-hans-kolvenbach\\\/\",\"name\":\"Peter-Hans Kolvenbach - Jesuit Generals\",\"isPartOf\":{\"@id\":\"https:\\\/\\\/jesuitgeneral.org\\\/fr\\\/#website\"},\"primaryImageOfPage\":{\"@id\":\"https:\\\/\\\/jesuitgeneral.org\\\/fr\\\/peter-hans-kolvenbach\\\/#primaryimage\"},\"image\":{\"@id\":\"https:\\\/\\\/jesuitgeneral.org\\\/fr\\\/peter-hans-kolvenbach\\\/#primaryimage\"},\"thumbnailUrl\":\"https:\\\/\\\/jesuitgeneral.org\\\/wp-content\\\/uploads\\\/2023\\\/05\\\/kolvenbach-signature.png\",\"datePublished\":\"2023-05-19T07:47:09+00:00\",\"dateModified\":\"2024-04-12T08:40:42+00:00\",\"description\":\"Biographie, images et documents de Peter-Hans Kolvenbach (1928-2016), 29e Sup\u00e9rieur g\u00e9n\u00e9ral de la Compagnie de J\u00e9sus (les J\u00e9suites)\",\"breadcrumb\":{\"@id\":\"https:\\\/\\\/jesuitgeneral.org\\\/fr\\\/peter-hans-kolvenbach\\\/#breadcrumb\"},\"inLanguage\":\"fr-FR\",\"potentialAction\":[{\"@type\":\"ReadAction\",\"target\":[\"https:\\\/\\\/jesuitgeneral.org\\\/fr\\\/peter-hans-kolvenbach\\\/\"]}]},{\"@type\":\"ImageObject\",\"inLanguage\":\"fr-FR\",\"@id\":\"https:\\\/\\\/jesuitgeneral.org\\\/fr\\\/peter-hans-kolvenbach\\\/#primaryimage\",\"url\":\"https:\\\/\\\/jesuitgeneral.org\\\/wp-content\\\/uploads\\\/2023\\\/05\\\/kolvenbach-signature.png\",\"contentUrl\":\"https:\\\/\\\/jesuitgeneral.org\\\/wp-content\\\/uploads\\\/2023\\\/05\\\/kolvenbach-signature.png\"},{\"@type\":\"BreadcrumbList\",\"@id\":\"https:\\\/\\\/jesuitgeneral.org\\\/fr\\\/peter-hans-kolvenbach\\\/#breadcrumb\",\"itemListElement\":[{\"@type\":\"ListItem\",\"position\":1,\"name\":\"Home\",\"item\":\"https:\\\/\\\/jesuitgeneral.org\\\/fr\\\/\"},{\"@type\":\"ListItem\",\"position\":2,\"name\":\"Peter-Hans Kolvenbach\"}]},{\"@type\":\"WebSite\",\"@id\":\"https:\\\/\\\/jesuitgeneral.org\\\/fr\\\/#website\",\"url\":\"https:\\\/\\\/jesuitgeneral.org\\\/fr\\\/\",\"name\":\"Jesuit Generals\",\"description\":\"Site web du m\u00e9morial des sup\u00e9rieurs g\u00e9n\u00e9raux j\u00e9suites\",\"publisher\":{\"@id\":\"https:\\\/\\\/jesuitgeneral.org\\\/fr\\\/#organization\"},\"potentialAction\":[{\"@type\":\"SearchAction\",\"target\":{\"@type\":\"EntryPoint\",\"urlTemplate\":\"https:\\\/\\\/jesuitgeneral.org\\\/fr\\\/?s={search_term_string}\"},\"query-input\":{\"@type\":\"PropertyValueSpecification\",\"valueRequired\":true,\"valueName\":\"search_term_string\"}}],\"inLanguage\":\"fr-FR\"},{\"@type\":\"Organization\",\"@id\":\"https:\\\/\\\/jesuitgeneral.org\\\/fr\\\/#organization\",\"name\":\"Compagnie de J\u00e9sus\",\"alternateName\":\"Jesuits\",\"url\":\"https:\\\/\\\/jesuitgeneral.org\\\/fr\\\/\",\"logo\":{\"@type\":\"ImageObject\",\"inLanguage\":\"fr-FR\",\"@id\":\"https:\\\/\\\/jesuitgeneral.org\\\/fr\\\/#\\\/schema\\\/logo\\\/image\\\/\",\"url\":\"https:\\\/\\\/jesuitgeneral.org\\\/wp-content\\\/uploads\\\/2023\\\/06\\\/logo-jesuits-global-500.png\",\"contentUrl\":\"https:\\\/\\\/jesuitgeneral.org\\\/wp-content\\\/uploads\\\/2023\\\/06\\\/logo-jesuits-global-500.png\",\"width\":500,\"height\":500,\"caption\":\"Compagnie de J\u00e9sus\"},\"image\":{\"@id\":\"https:\\\/\\\/jesuitgeneral.org\\\/fr\\\/#\\\/schema\\\/logo\\\/image\\\/\"},\"sameAs\":[\"https:\\\/\\\/www.facebook.com\\\/JesuitsGlobal\",\"https:\\\/\\\/x.com\\\/JesuitsGlobal\",\"https:\\\/\\\/www.instagram.com\\\/JesuitsGlobal\\\/\",\"https:\\\/\\\/www.youtube.com\\\/channel\\\/UCpqwciWoMlKhXL1Ge3L6vug\\\/videos\"],\"mainEntityOfPage\":{\"@id\":\"https:\\\/\\\/jesuitgeneral.org\\\/fr\\\/peter-hans-kolvenbach\\\/\"}}]}<\/script>\n<!-- \/ Yoast SEO plugin. -->","yoast_head_json":{"title":"Peter-Hans Kolvenbach - Jesuit Generals","description":"Biographie, images et documents de Peter-Hans Kolvenbach (1928-2016), 29e Sup\u00e9rieur g\u00e9n\u00e9ral de la Compagnie de J\u00e9sus (les J\u00e9suites)","robots":{"index":"index","follow":"follow","max-snippet":"max-snippet:-1","max-image-preview":"max-image-preview:large","max-video-preview":"max-video-preview:-1"},"canonical":"https:\/\/jesuitgeneral.org\/fr\/peter-hans-kolvenbach\/","og_locale":"fr_FR","og_type":"article","og_title":"Peter-Hans Kolvenbach - Jesuit Generals","og_description":"Biographie, images et documents de Peter-Hans Kolvenbach (1928-2016), 29e Sup\u00e9rieur g\u00e9n\u00e9ral de la Compagnie de J\u00e9sus (les J\u00e9suites)","og_url":"https:\/\/jesuitgeneral.org\/fr\/peter-hans-kolvenbach\/","og_site_name":"Jesuit Generals","article_publisher":"https:\/\/www.facebook.com\/JesuitsGlobal","article_modified_time":"2024-04-12T08:40:42+00:00","og_image":[{"url":"https:\/\/jesuitgeneral.org\/wp-content\/uploads\/2023\/05\/kolvenbach-signature.png","type":"","width":"","height":""}],"twitter_card":"summary_large_image","twitter_site":"@JesuitsGlobal","twitter_misc":{"Dur\u00e9e de lecture estim\u00e9e":"3 minutes"},"schema":{"@context":"https:\/\/schema.org","@graph":[{"@type":["WebPage","ProfilePage"],"@id":"https:\/\/jesuitgeneral.org\/fr\/peter-hans-kolvenbach\/","url":"https:\/\/jesuitgeneral.org\/fr\/peter-hans-kolvenbach\/","name":"Peter-Hans Kolvenbach - Jesuit Generals","isPartOf":{"@id":"https:\/\/jesuitgeneral.org\/fr\/#website"},"primaryImageOfPage":{"@id":"https:\/\/jesuitgeneral.org\/fr\/peter-hans-kolvenbach\/#primaryimage"},"image":{"@id":"https:\/\/jesuitgeneral.org\/fr\/peter-hans-kolvenbach\/#primaryimage"},"thumbnailUrl":"https:\/\/jesuitgeneral.org\/wp-content\/uploads\/2023\/05\/kolvenbach-signature.png","datePublished":"2023-05-19T07:47:09+00:00","dateModified":"2024-04-12T08:40:42+00:00","description":"Biographie, images et documents de Peter-Hans Kolvenbach (1928-2016), 29e Sup\u00e9rieur g\u00e9n\u00e9ral de la Compagnie de J\u00e9sus (les J\u00e9suites)","breadcrumb":{"@id":"https:\/\/jesuitgeneral.org\/fr\/peter-hans-kolvenbach\/#breadcrumb"},"inLanguage":"fr-FR","potentialAction":[{"@type":"ReadAction","target":["https:\/\/jesuitgeneral.org\/fr\/peter-hans-kolvenbach\/"]}]},{"@type":"ImageObject","inLanguage":"fr-FR","@id":"https:\/\/jesuitgeneral.org\/fr\/peter-hans-kolvenbach\/#primaryimage","url":"https:\/\/jesuitgeneral.org\/wp-content\/uploads\/2023\/05\/kolvenbach-signature.png","contentUrl":"https:\/\/jesuitgeneral.org\/wp-content\/uploads\/2023\/05\/kolvenbach-signature.png"},{"@type":"BreadcrumbList","@id":"https:\/\/jesuitgeneral.org\/fr\/peter-hans-kolvenbach\/#breadcrumb","itemListElement":[{"@type":"ListItem","position":1,"name":"Home","item":"https:\/\/jesuitgeneral.org\/fr\/"},{"@type":"ListItem","position":2,"name":"Peter-Hans Kolvenbach"}]},{"@type":"WebSite","@id":"https:\/\/jesuitgeneral.org\/fr\/#website","url":"https:\/\/jesuitgeneral.org\/fr\/","name":"Jesuit Generals","description":"Site web du m\u00e9morial des sup\u00e9rieurs g\u00e9n\u00e9raux j\u00e9suites","publisher":{"@id":"https:\/\/jesuitgeneral.org\/fr\/#organization"},"potentialAction":[{"@type":"SearchAction","target":{"@type":"EntryPoint","urlTemplate":"https:\/\/jesuitgeneral.org\/fr\/?s={search_term_string}"},"query-input":{"@type":"PropertyValueSpecification","valueRequired":true,"valueName":"search_term_string"}}],"inLanguage":"fr-FR"},{"@type":"Organization","@id":"https:\/\/jesuitgeneral.org\/fr\/#organization","name":"Compagnie de J\u00e9sus","alternateName":"Jesuits","url":"https:\/\/jesuitgeneral.org\/fr\/","logo":{"@type":"ImageObject","inLanguage":"fr-FR","@id":"https:\/\/jesuitgeneral.org\/fr\/#\/schema\/logo\/image\/","url":"https:\/\/jesuitgeneral.org\/wp-content\/uploads\/2023\/06\/logo-jesuits-global-500.png","contentUrl":"https:\/\/jesuitgeneral.org\/wp-content\/uploads\/2023\/06\/logo-jesuits-global-500.png","width":500,"height":500,"caption":"Compagnie de J\u00e9sus"},"image":{"@id":"https:\/\/jesuitgeneral.org\/fr\/#\/schema\/logo\/image\/"},"sameAs":["https:\/\/www.facebook.com\/JesuitsGlobal","https:\/\/x.com\/JesuitsGlobal","https:\/\/www.instagram.com\/JesuitsGlobal\/","https:\/\/www.youtube.com\/channel\/UCpqwciWoMlKhXL1Ge3L6vug\/videos"],"mainEntityOfPage":{"@id":"https:\/\/jesuitgeneral.org\/fr\/peter-hans-kolvenbach\/"}}]}},"_links":{"self":[{"href":"https:\/\/jesuitgeneral.org\/fr\/wp-json\/wp\/v2\/pages\/226","targetHints":{"allow":["GET"]}}],"collection":[{"href":"https:\/\/jesuitgeneral.org\/fr\/wp-json\/wp\/v2\/pages"}],"about":[{"href":"https:\/\/jesuitgeneral.org\/fr\/wp-json\/wp\/v2\/types\/page"}],"author":[{"embeddable":true,"href":"https:\/\/jesuitgeneral.org\/fr\/wp-json\/wp\/v2\/users\/1"}],"replies":[{"embeddable":true,"href":"https:\/\/jesuitgeneral.org\/fr\/wp-json\/wp\/v2\/comments?post=226"}],"version-history":[{"count":10,"href":"https:\/\/jesuitgeneral.org\/fr\/wp-json\/wp\/v2\/pages\/226\/revisions"}],"predecessor-version":[{"id":321,"href":"https:\/\/jesuitgeneral.org\/fr\/wp-json\/wp\/v2\/pages\/226\/revisions\/321"}],"wp:attachment":[{"href":"https:\/\/jesuitgeneral.org\/fr\/wp-json\/wp\/v2\/media?parent=226"}],"curies":[{"name":"wp","href":"https:\/\/api.w.org\/{rel}","templated":true}]}}