{"id":232,"date":"2023-05-19T07:47:54","date_gmt":"2023-05-19T07:47:54","guid":{"rendered":"https:\/\/jesuitgeneral.org\/adolfo-nicolas\/"},"modified":"2024-04-12T08:39:33","modified_gmt":"2024-04-12T08:39:33","slug":"adolfo-nicolas","status":"publish","type":"page","link":"https:\/\/jesuitgeneral.org\/fr\/adolfo-nicolas\/","title":{"rendered":"Adolfo Nicol\u00e1s"},"content":{"rendered":"\n<section class=\"intro black invert p-top--medium p-bottom--medium\"><div class=\"container\">\n<div class=\"row\">\n<div class=\"col-12 col-l-8\">\n<p class=\"text text--display\">\u00abPour toute entreprise, que ce soit en spiritualit\u00e9, en apostolat social, en quoi que ce soit, il n\u2019y a jamais de raccourci. Il faut toujours prendre le long chemin car le v\u00e9ritable changement et les bonnes intuitions viennent \u00e0 la suite d\u2019un long processus.\u00bb<\/p>\n\n\n\n<figure class=\"wp-block-image size-full intro__signature\"><img loading=\"lazy\" decoding=\"async\" width=\"640\" height=\"120\" src=\"https:\/\/jesuitgeneral.org\/wp-content\/uploads\/2023\/06\/nicolas-signature.png\" alt=\"La signature du P&#xE8;re Adolfo Nicol&#xE1;s SJ, 30&#xE8;me Sup&#xE9;rieur G&#xE9;n&#xE9;ral de la Compagnie de J&#xE9;sus (les J&#xE9;suites)\" class=\"wp-image-123\"\/><\/figure>\n<\/div>\n\n\n\n<div class=\"col-12 col-l-4\">\n<figure class=\"wp-block-image size-full intro__image\"><img loading=\"lazy\" decoding=\"async\" width=\"513\" height=\"701\" src=\"https:\/\/jesuitgeneral.org\/wp-content\/uploads\/2023\/05\/nicolas-intro.jpg\" alt=\"Le P&#xE8;re Adolfo Nicol&#xE1;s SJ, 30&#xE8;me Sup&#xE9;rieur G&#xE9;n&#xE9;ral de la Compagnie de J&#xE9;sus (les J&#xE9;suites)\" class=\"wp-image-105\" srcset=\"https:\/\/jesuitgeneral.org\/wp-content\/uploads\/2023\/05\/nicolas-intro.jpg 513w, https:\/\/jesuitgeneral.org\/wp-content\/uploads\/2023\/05\/nicolas-intro-220x300.jpg 220w\" sizes=\"auto, (max-width: 513px) 100vw, 513px\" \/><\/figure>\n<\/div>\n<\/div>\n<\/div><\/section>\n\n<section class=\"p-top--large p-bottom--large\"><div class=\"container\">\n<div class=\"row row--center\">\n<div class=\"col-12 col-s-6 col-l-7 styled-content\">\n<h2 class=\"wp-block-heading\">Jeunes ann\u00e9es et vocation<\/h2>\n\n\n\n<p>Le p\u00e8re Adolfo Nicol\u00e1s est n\u00e9 le 29 avril 1936 \u00e0 Palencia, en Espagne. Ses parents \u00e9taient Adolfo Nicol\u00e1s Rico et Modesta Pach\u00f3n.<\/p>\n\n\n\n<p>Les turpitudes politiques de cette \u00e9poque en Espagne ont forc\u00e9 sa famille \u00e0 quitter leur r\u00e9gion d\u2019origine et \u00e0 d\u00e9m\u00e9nager souvent. Adolfo a pass\u00e9 une grande partie de son enfance \u00e0 Barcelone.<\/p>\n\n\n\n<p>Apr\u00e8s avoir song\u00e9 \u00e0 une carri\u00e8re en \u00e9ducation chez les fr\u00e8res enseignants, il a \u00e9t\u00e9 mis en contact par son fr\u00e8re avec les j\u00e9suites et a fr\u00e9quent\u00e9 un coll\u00e8ge des j\u00e9suites \u00e0 Madrid. Il est entr\u00e9 au noviciat en septembre 1953 \u00e0 Aranjuez.<\/p>\n\n\n\n<p>Durant sa philosophie, il a r\u00e9pondu \u00e0 un appel du G\u00e9n\u00e9ral de l\u2019\u00e9poque, le P\u00e8re Janssens, qui invitait les j\u00e9suites \u00e0 se porter volontaires pour les missions \u00e0 l\u2019\u00e9tranger. C\u2019est ce qui l\u2019am\u00e8nera au Japon.<\/p>\n<\/div>\n<\/div>\n<\/div><\/section>\n\n<section class=\"grey-2 p-top--large p-bottom--large\"><div class=\"container\">\n<div class=\"row\">\n<div class=\"col-12 col-m-7 styled-content\">\n<h2 class=\"wp-block-heading\">Au Japon et aux Philippines<\/h2>\n\n\n\n<p>Il a fait sa licence en philosophie \u00e0 Alcal\u00e1 et \u00e0 Madrid, puis il est parti pour le Japon pour apprendre la langue et faire sa r\u00e9gence. Il a poursuivi ses \u00e9tudes de th\u00e9ologie \u00e0 Tokyo o\u00f9 il a \u00e9t\u00e9 ordonn\u00e9 pr\u00eatre le 17 mars 1967. Il a ensuite fait une ma\u00eetrise en th\u00e9ologie sacr\u00e9e \u00e0 l\u2019Universit\u00e9 Gr\u00e9gorienne (Rome), puis a \u00e9t\u00e9 professeur de th\u00e9ologie syst\u00e9matique \u00e0 l\u2019Universit\u00e9 Sophia de Tokyo, au Japon.<\/p>\n\n\n\n<p>En 1978 et jusqu\u2019en 1984, il est appel\u00e9 \u00e0 la direction de l\u2019Institut de pastorale (EAPI &#8211; East Asian Pastoral Institute) \u00e0 Manille, aux Philippines.<\/p>\n<\/div>\n\n\n\n<div class=\"col-12 col-m-4\" style=\"margin-left:auto;\">\n<figure class=\"wp-block-image size-full\"><img loading=\"lazy\" decoding=\"async\" width=\"502\" height=\"539\" src=\"https:\/\/jesuitgeneral.org\/wp-content\/uploads\/2023\/05\/adolfo-nicolas-portrait.jpg\" alt=\"P&#xE8;re Adolfo Nicol&#xE1;s SJ, 30&#xE8;me Sup&#xE9;rieur G&#xE9;n&#xE9;ral de la Compagnie de J&#xE9;sus (les J&#xE9;suites)\" class=\"wp-image-107\" srcset=\"https:\/\/jesuitgeneral.org\/wp-content\/uploads\/2023\/05\/adolfo-nicolas-portrait.jpg 502w, https:\/\/jesuitgeneral.org\/wp-content\/uploads\/2023\/05\/adolfo-nicolas-portrait-279x300.jpg 279w\" sizes=\"auto, (max-width: 502px) 100vw, 502px\" \/><\/figure>\n<\/div>\n<\/div>\n<\/div><\/section>\n\n<section class=\"secondary--lighten-4 p-top--large p-bottom--large\"><div class=\"container\">\n<div class=\"row row--center\">\n<div class=\"col-12 col-s-6 col-l-7 styled-content\">\n<h2 class=\"wp-block-heading\">R\u00f4les de direction et sup\u00e9rieurs g\u00e9n\u00e9raux<\/h2>\n\n\n\n<p>Apr\u00e8s des ann\u00e9es de service l\u00e0-bas, il retournera au Japon et sera recteur du scolasticat \u00e0 Tokyo, de 1991 \u00e0 1993. C\u2019est alors qu\u2019il sera choisi pour \u00eatre le Provincial du Japon, poste qu\u2019il occupera jusqu\u2019en 1999.<\/p>\n\n\n\n<p>En 1995, il participera donc \u00e0 la 34e Congr\u00e9gation g\u00e9n\u00e9rale; au tout d\u00e9but de celle-ci, il faut \u00e9lu Secr\u00e9taire de la Congr\u00e9gation.<\/p>\n\n\n\n<p>Un peu plus tard, de 2004 \u00e0 2007, il sera choisi comme mod\u00e9rateur de la Conf\u00e9rence j\u00e9suite de l\u2019Asie orientale et de l\u2019Oc\u00e9anie, poste qu\u2019il occupera au moment o\u00f9, durant la 35e Congr\u00e9gation g\u00e9n\u00e9rale de la Compagnie de J\u00e9sus il sera \u00e9lu comme Sup\u00e9rieur g\u00e9n\u00e9ral le 19 janvier 2008.<\/p>\n<\/div>\n<\/div>\n<\/div><\/section>\n\n<section class=\"black invert p-top--large p-bottom--large text--center\"><div class=\"container\"><div class=\"carousel carousel--equal-height gallery gallery--carousel\"><div class=\"carousel__slider\" data-flickity='{\"percentPosition\":\"false\",\"lazyLoad\":2,\"dragThreshold\":10}'>\n<figure class=\"wp-block-image carousel__slide size-large\"><img data-flickity-lazyload=\"https:\/\/jesuitgeneral.org\/wp-content\/uploads\/2023\/06\/nicolas-carousel-5.jpg\" alt=\"Le P&#xE8;re Adolfo Nicol&#xE1;s SJ, 30&#xE8;me Sup&#xE9;rieur G&#xE9;n&#xE9;ral de la Compagnie de J&#xE9;sus (les J&#xE9;suites) en tant que Provincial du Japon\" class=\"wp-image-117\"\/><\/figure>\n\n<figure class=\"wp-block-image carousel__slide size-large\"><img data-flickity-lazyload=\"https:\/\/jesuitgeneral.org\/wp-content\/uploads\/2023\/06\/nicolas-carousel-6.jpg\" alt=\"Le P&#xE8;re Adolfo Nicol&#xE1;s SJ, 30&#xE8;me Sup&#xE9;rieur G&#xE9;n&#xE9;ral de la Compagnie de J&#xE9;sus (les J&#xE9;suites) pronon&#xE7;ant une hom&#xE9;lie lors de la 35&#xE8;me Congr&#xE9;gation G&#xE9;n&#xE9;rale des J&#xE9;suites\" class=\"wp-image-118\"\/><\/figure>\n\n<figure class=\"wp-block-image carousel__slide size-large\"><img data-flickity-lazyload=\"https:\/\/jesuitgeneral.org\/wp-content\/uploads\/2023\/06\/nicolas-carousel-1.jpg\" alt=\"Le P&#xE8;re Adolfo Nicol&#xE1;s SJ, 30&#xE8;me Sup&#xE9;rieur G&#xE9;n&#xE9;ral de la Compagnie de J&#xE9;sus (les J&#xE9;suites) durant la 35e Congr&#xE9;gation g&#xE9;n&#xE9;rale avec le P&#xE8;re Peter-Hans Kolvenbach \" class=\"wp-image-113\"\/><\/figure>\n\n<figure class=\"wp-block-image carousel__slide size-large\"><img data-flickity-lazyload=\"https:\/\/jesuitgeneral.org\/wp-content\/uploads\/2023\/06\/nicolas-carousel-7.jpg\" alt=\"Le P&#xE8;re Adolfo Nicol&#xE1;s SJ, 30&#xE8;me Sup&#xE9;rieur G&#xE9;n&#xE9;ral de la Compagnie de J&#xE9;sus (les J&#xE9;suites) sur un site historique j&#xE9;suite &#xE0; Sillery, Canada\" class=\"wp-image-119\"\/><\/figure>\n\n<figure class=\"wp-block-image carousel__slide size-large\"><img data-flickity-lazyload=\"https:\/\/jesuitgeneral.org\/wp-content\/uploads\/2023\/06\/nicolas-carousel-2.jpg\" alt=\"Le P&#xE8;re Adolfo Nicol&#xE1;s SJ, 30e sup&#xE9;rieur g&#xE9;n&#xE9;ral de la Compagnie de J&#xE9;sus (les J&#xE9;suites), avec des &#xE9;tudiants de la Loyola Academy\" class=\"wp-image-114\"\/><\/figure>\n\n<figure class=\"wp-block-image carousel__slide size-large\"><img data-flickity-lazyload=\"https:\/\/jesuitgeneral.org\/wp-content\/uploads\/2023\/06\/nicolas-carousel-3.jpg\" alt=\"Le P&#xE8;re Adolfo Nicol&#xE1;s SJ, 30&#xE8;me Sup&#xE9;rieur G&#xE9;n&#xE9;ral de la Compagnie de J&#xE9;sus (les J&#xE9;suites), c&#xE9;l&#xE9;brant ses v&#x153;ux perp&#xE9;tuels pr&#xE8;s de Homs, en Syrie\" class=\"wp-image-115\"\/><\/figure>\n\n<figure class=\"wp-block-image carousel__slide size-large\"><img data-flickity-lazyload=\"https:\/\/jesuitgeneral.org\/wp-content\/uploads\/2023\/06\/nicolas-carousel-8.jpg\" alt=\"Le P&#xE8;re Adolfo Nicol&#xE1;s SJ, 30&#xE8;me Sup&#xE9;rieur G&#xE9;n&#xE9;ral de la Compagnie de J&#xE9;sus (les J&#xE9;suites) lors d'une visite\" class=\"wp-image-120\"\/><\/figure>\n\n<figure class=\"wp-block-image carousel__slide size-large\"><img data-flickity-lazyload=\"https:\/\/jesuitgeneral.org\/wp-content\/uploads\/2023\/06\/nicolas-carousel-4.jpg\" alt=\"Le P&#xE8;re Adolfo Nicol&#xE1;s SJ, 30&#xE8;me Sup&#xE9;rieur G&#xE9;n&#xE9;ral de la Compagnie de J&#xE9;sus (les J&#xE9;suites) lors d'une visite au Br&#xE9;sil\" class=\"wp-image-116\"\/><\/figure>\n<\/div><\/div>\n\n\n<a href=\"https:\/\/jesuit.media\/?c=61&amp;k=384a1c829d\" class=\"special-link\">Voir plus d&rsquo;images<\/a>\n<\/div><\/section>\n\n<section class=\"p-top--large p-bottom--large\"><div class=\"container\">\n<div class=\"row row--center\">\n<div class=\"col-12 col-s-6 col-l-7 styled-content\">\n<h2 class=\"wp-block-heading\">Derni\u00e8res ann\u00e9es<\/h2>\n\n\n\n<p>Consid\u00e9rant que sa sant\u00e9 ne lui permettait plus d\u2019accomplir sa mission comme il se devait, il a convoqu\u00e9 la <a href=\"https:\/\/gc36.org\/\" target=\"_blank\" rel=\"noreferrer noopener\">36e Congr\u00e9gation g\u00e9n\u00e9rale<\/a> durant laquelle il a offert sa d\u00e9mission, selon les r\u00e8gles de la Compagnie de J\u00e9sus, le 3 octobre 2016. Apr\u00e8s l\u2019avoir accept\u00e9, la Congr\u00e9gation a \u00e9lu son successeur, l\u2019actuel G\u00e9n\u00e9ral, le P. Arturo Sosa. <\/p>\n\n\n\n<p>Le p\u00e8re Adolfo Nicol\u00e1s est d\u00e9c\u00e9d\u00e9 \u00e0 Tokyo, le 20-05-2020.<\/p>\n<\/div>\n<\/div>\n<\/div><\/section>\n\n<section class=\"grey-2 p-top--large p-bottom--large\"><div class=\"container\">\n<div class=\"row row--center\">\n<div class=\"col-12 col-s-6 col-l-7\">\n<h2 class=\"wp-block-heading h2\">Selon ses propres termes<\/h2>\n\n\n\n<p class=\"text\">Nous vous invitons \u00e0 lire l\u2019entretien qu\u2019il a accord\u00e9e \u00e0 l\u2019\u00e9quipe des communications de la 35e Congr\u00e9gation g\u00e9n\u00e9rale quelques jours apr\u00e8s son \u00e9lection comme Sup\u00e9rieur g\u00e9n\u00e9ral.<\/p>\n\n\n\n<p class=\"text\">Il y raconte l\u2019ensemble de la vie et de son parcours dans la Compagnie de J\u00e9sus jusqu\u2019au moment de son \u00e9lection.<\/p>\n\n\n\n<a href=\"https:\/\/jesuit.media\/pages\/view.php?ref=6579&amp;search=%2521collection61&amp;order_by=collection&amp;offset=0&amp;restypes=&amp;archive=&amp;per_page=240&amp;default_sort_direction=DESC&amp;sort=ASC&amp;context=Modal&amp;k=384a1c829d&amp;curpos=\" class=\"special-link special-link--small\">Lire l&rsquo;entretien<\/a>\n<\/div>\n<\/div>\n<\/div><\/section>\n\n<section class=\"primary--darken-3 invert p-top--huge p-bottom--huge\"><div class=\"container\">\n<div class=\"row\">\n<div class=\"col-12 col-l-7 col-xl-6\">\n<h2 class=\"wp-block-heading h1\">Archives digitales<\/h2>\n\n\n\n<p class=\"text text--lead\">Des images du p\u00e8re Nicol\u00e1s, des discours, des pri\u00e8res et des t\u00e9moignages sont disponibles en ligne <\/p>\n\n\n\n<div class=\"wp-block-buttons is-layout-flex wp-block-buttons-is-layout-flex\">\n<div class=\"wp-block-button is-style-outline is-style-outline--1\"><a class=\"wp-block-button__link wp-element-button\" href=\"https:\/\/jesuit.media\/?c=61&amp;k=384a1c829d\" target=\"_blank\" rel=\"noreferrer noopener\">Visiter les archives<\/a><\/div>\n<\/div>\n<\/div>\n\n\n\n<div class=\"col-12 col-l-5 col-xl-6\">\n<figure class=\"wp-block-image size-full\"><a href=\"https:\/\/jesuit.media\/?c=61&amp;k=384a1c829d\"><img loading=\"lazy\" decoding=\"async\" width=\"500\" height=\"333\" src=\"https:\/\/jesuitgeneral.org\/wp-content\/uploads\/2024\/04\/nicolas-jesuit-media.jpg\" alt=\"Capture d'&#xE9;cran des archives d'images du P&#xE8;re Adolfo Nicol&#xE1;s SJ, 30&#xE8;me Sup&#xE9;rieur G&#xE9;n&#xE9;ral de la Compagnie de J&#xE9;sus (les J&#xE9;suites), sur Jesuit.media\" class=\"wp-image-300\" srcset=\"https:\/\/jesuitgeneral.org\/wp-content\/uploads\/2024\/04\/nicolas-jesuit-media.jpg 500w, https:\/\/jesuitgeneral.org\/wp-content\/uploads\/2024\/04\/nicolas-jesuit-media-300x200.jpg 300w\" sizes=\"auto, (max-width: 500px) 100vw, 500px\" \/><\/a><\/figure>\n<\/div>\n<\/div>\n<\/div><\/section>\n","protected":false},"excerpt":{"rendered":"","protected":false},"author":1,"featured_media":0,"parent":0,"menu_order":0,"comment_status":"closed","ping_status":"closed","template":"","meta":{"footnotes":""},"class_list":["post-232","page","type-page","status-publish","hentry","no-thumbnail"],"yoast_head":"<!-- This site is optimized with the Yoast SEO plugin v27.4 - https:\/\/yoast.com\/product\/yoast-seo-wordpress\/ -->\n<title>Adolfo Nicol\u00e1s - Jesuit Generals<\/title>\n<meta name=\"description\" content=\"Biographie, images et documents d&#039;Adolfo Nicol\u00e1s (1936-2020), 30e sup\u00e9rieur g\u00e9n\u00e9ral de la Compagnie de J\u00e9sus (les J\u00e9suites)\" \/>\n<meta name=\"robots\" content=\"index, follow, max-snippet:-1, max-image-preview:large, max-video-preview:-1\" \/>\n<link rel=\"canonical\" href=\"https:\/\/jesuitgeneral.org\/fr\/adolfo-nicolas\/\" \/>\n<meta property=\"og:locale\" content=\"fr_FR\" \/>\n<meta property=\"og:type\" content=\"article\" \/>\n<meta property=\"og:title\" content=\"Adolfo Nicol\u00e1s - Jesuit Generals\" \/>\n<meta property=\"og:description\" content=\"Biographie, images et documents d&#039;Adolfo Nicol\u00e1s (1936-2020), 30e sup\u00e9rieur g\u00e9n\u00e9ral de la Compagnie de J\u00e9sus (les J\u00e9suites)\" \/>\n<meta property=\"og:url\" content=\"https:\/\/jesuitgeneral.org\/fr\/adolfo-nicolas\/\" \/>\n<meta property=\"og:site_name\" content=\"Jesuit Generals\" \/>\n<meta property=\"article:publisher\" content=\"https:\/\/www.facebook.com\/JesuitsGlobal\" \/>\n<meta property=\"article:modified_time\" content=\"2024-04-12T08:39:33+00:00\" \/>\n<meta property=\"og:image\" content=\"https:\/\/jesuitgeneral.org\/wp-content\/uploads\/2023\/06\/nicolas-signature.png\" \/>\n<meta name=\"twitter:card\" content=\"summary_large_image\" \/>\n<meta name=\"twitter:site\" content=\"@JesuitsGlobal\" \/>\n<meta name=\"twitter:label1\" content=\"Dur\u00e9e de lecture estim\u00e9e\" \/>\n\t<meta name=\"twitter:data1\" content=\"3 minutes\" \/>\n<script type=\"application\/ld+json\" class=\"yoast-schema-graph\">{\"@context\":\"https:\\\/\\\/schema.org\",\"@graph\":[{\"@type\":[\"WebPage\",\"ProfilePage\"],\"@id\":\"https:\\\/\\\/jesuitgeneral.org\\\/fr\\\/adolfo-nicolas\\\/\",\"url\":\"https:\\\/\\\/jesuitgeneral.org\\\/fr\\\/adolfo-nicolas\\\/\",\"name\":\"Adolfo Nicol\u00e1s - Jesuit Generals\",\"isPartOf\":{\"@id\":\"https:\\\/\\\/jesuitgeneral.org\\\/fr\\\/#website\"},\"primaryImageOfPage\":{\"@id\":\"https:\\\/\\\/jesuitgeneral.org\\\/fr\\\/adolfo-nicolas\\\/#primaryimage\"},\"image\":{\"@id\":\"https:\\\/\\\/jesuitgeneral.org\\\/fr\\\/adolfo-nicolas\\\/#primaryimage\"},\"thumbnailUrl\":\"https:\\\/\\\/jesuitgeneral.org\\\/wp-content\\\/uploads\\\/2023\\\/06\\\/nicolas-signature.png\",\"datePublished\":\"2023-05-19T07:47:54+00:00\",\"dateModified\":\"2024-04-12T08:39:33+00:00\",\"description\":\"Biographie, images et documents d'Adolfo Nicol\u00e1s (1936-2020), 30e sup\u00e9rieur g\u00e9n\u00e9ral de la Compagnie de J\u00e9sus (les J\u00e9suites)\",\"breadcrumb\":{\"@id\":\"https:\\\/\\\/jesuitgeneral.org\\\/fr\\\/adolfo-nicolas\\\/#breadcrumb\"},\"inLanguage\":\"fr-FR\",\"potentialAction\":[{\"@type\":\"ReadAction\",\"target\":[\"https:\\\/\\\/jesuitgeneral.org\\\/fr\\\/adolfo-nicolas\\\/\"]}]},{\"@type\":\"ImageObject\",\"inLanguage\":\"fr-FR\",\"@id\":\"https:\\\/\\\/jesuitgeneral.org\\\/fr\\\/adolfo-nicolas\\\/#primaryimage\",\"url\":\"https:\\\/\\\/jesuitgeneral.org\\\/wp-content\\\/uploads\\\/2023\\\/06\\\/nicolas-signature.png\",\"contentUrl\":\"https:\\\/\\\/jesuitgeneral.org\\\/wp-content\\\/uploads\\\/2023\\\/06\\\/nicolas-signature.png\"},{\"@type\":\"BreadcrumbList\",\"@id\":\"https:\\\/\\\/jesuitgeneral.org\\\/fr\\\/adolfo-nicolas\\\/#breadcrumb\",\"itemListElement\":[{\"@type\":\"ListItem\",\"position\":1,\"name\":\"Home\",\"item\":\"https:\\\/\\\/jesuitgeneral.org\\\/fr\\\/\"},{\"@type\":\"ListItem\",\"position\":2,\"name\":\"Adolfo Nicol\u00e1s\"}]},{\"@type\":\"WebSite\",\"@id\":\"https:\\\/\\\/jesuitgeneral.org\\\/fr\\\/#website\",\"url\":\"https:\\\/\\\/jesuitgeneral.org\\\/fr\\\/\",\"name\":\"Jesuit Generals\",\"description\":\"Site web du m\u00e9morial des sup\u00e9rieurs g\u00e9n\u00e9raux j\u00e9suites\",\"publisher\":{\"@id\":\"https:\\\/\\\/jesuitgeneral.org\\\/fr\\\/#organization\"},\"potentialAction\":[{\"@type\":\"SearchAction\",\"target\":{\"@type\":\"EntryPoint\",\"urlTemplate\":\"https:\\\/\\\/jesuitgeneral.org\\\/fr\\\/?s={search_term_string}\"},\"query-input\":{\"@type\":\"PropertyValueSpecification\",\"valueRequired\":true,\"valueName\":\"search_term_string\"}}],\"inLanguage\":\"fr-FR\"},{\"@type\":\"Organization\",\"@id\":\"https:\\\/\\\/jesuitgeneral.org\\\/fr\\\/#organization\",\"name\":\"Compagnie de J\u00e9sus\",\"alternateName\":\"Jesuits\",\"url\":\"https:\\\/\\\/jesuitgeneral.org\\\/fr\\\/\",\"logo\":{\"@type\":\"ImageObject\",\"inLanguage\":\"fr-FR\",\"@id\":\"https:\\\/\\\/jesuitgeneral.org\\\/fr\\\/#\\\/schema\\\/logo\\\/image\\\/\",\"url\":\"https:\\\/\\\/jesuitgeneral.org\\\/wp-content\\\/uploads\\\/2023\\\/06\\\/logo-jesuits-global-500.png\",\"contentUrl\":\"https:\\\/\\\/jesuitgeneral.org\\\/wp-content\\\/uploads\\\/2023\\\/06\\\/logo-jesuits-global-500.png\",\"width\":500,\"height\":500,\"caption\":\"Compagnie de J\u00e9sus\"},\"image\":{\"@id\":\"https:\\\/\\\/jesuitgeneral.org\\\/fr\\\/#\\\/schema\\\/logo\\\/image\\\/\"},\"sameAs\":[\"https:\\\/\\\/www.facebook.com\\\/JesuitsGlobal\",\"https:\\\/\\\/x.com\\\/JesuitsGlobal\",\"https:\\\/\\\/www.instagram.com\\\/JesuitsGlobal\\\/\",\"https:\\\/\\\/www.youtube.com\\\/channel\\\/UCpqwciWoMlKhXL1Ge3L6vug\\\/videos\"],\"mainEntityOfPage\":{\"@id\":\"https:\\\/\\\/jesuitgeneral.org\\\/fr\\\/adolfo-nicolas\\\/\"}}]}<\/script>\n<!-- \/ Yoast SEO plugin. -->","yoast_head_json":{"title":"Adolfo Nicol\u00e1s - Jesuit Generals","description":"Biographie, images et documents d'Adolfo Nicol\u00e1s (1936-2020), 30e sup\u00e9rieur g\u00e9n\u00e9ral de la Compagnie de J\u00e9sus (les J\u00e9suites)","robots":{"index":"index","follow":"follow","max-snippet":"max-snippet:-1","max-image-preview":"max-image-preview:large","max-video-preview":"max-video-preview:-1"},"canonical":"https:\/\/jesuitgeneral.org\/fr\/adolfo-nicolas\/","og_locale":"fr_FR","og_type":"article","og_title":"Adolfo Nicol\u00e1s - Jesuit Generals","og_description":"Biographie, images et documents d'Adolfo Nicol\u00e1s (1936-2020), 30e sup\u00e9rieur g\u00e9n\u00e9ral de la Compagnie de J\u00e9sus (les J\u00e9suites)","og_url":"https:\/\/jesuitgeneral.org\/fr\/adolfo-nicolas\/","og_site_name":"Jesuit Generals","article_publisher":"https:\/\/www.facebook.com\/JesuitsGlobal","article_modified_time":"2024-04-12T08:39:33+00:00","og_image":[{"url":"https:\/\/jesuitgeneral.org\/wp-content\/uploads\/2023\/06\/nicolas-signature.png","type":"","width":"","height":""}],"twitter_card":"summary_large_image","twitter_site":"@JesuitsGlobal","twitter_misc":{"Dur\u00e9e de lecture estim\u00e9e":"3 minutes"},"schema":{"@context":"https:\/\/schema.org","@graph":[{"@type":["WebPage","ProfilePage"],"@id":"https:\/\/jesuitgeneral.org\/fr\/adolfo-nicolas\/","url":"https:\/\/jesuitgeneral.org\/fr\/adolfo-nicolas\/","name":"Adolfo Nicol\u00e1s - Jesuit Generals","isPartOf":{"@id":"https:\/\/jesuitgeneral.org\/fr\/#website"},"primaryImageOfPage":{"@id":"https:\/\/jesuitgeneral.org\/fr\/adolfo-nicolas\/#primaryimage"},"image":{"@id":"https:\/\/jesuitgeneral.org\/fr\/adolfo-nicolas\/#primaryimage"},"thumbnailUrl":"https:\/\/jesuitgeneral.org\/wp-content\/uploads\/2023\/06\/nicolas-signature.png","datePublished":"2023-05-19T07:47:54+00:00","dateModified":"2024-04-12T08:39:33+00:00","description":"Biographie, images et documents d'Adolfo Nicol\u00e1s (1936-2020), 30e sup\u00e9rieur g\u00e9n\u00e9ral de la Compagnie de J\u00e9sus (les J\u00e9suites)","breadcrumb":{"@id":"https:\/\/jesuitgeneral.org\/fr\/adolfo-nicolas\/#breadcrumb"},"inLanguage":"fr-FR","potentialAction":[{"@type":"ReadAction","target":["https:\/\/jesuitgeneral.org\/fr\/adolfo-nicolas\/"]}]},{"@type":"ImageObject","inLanguage":"fr-FR","@id":"https:\/\/jesuitgeneral.org\/fr\/adolfo-nicolas\/#primaryimage","url":"https:\/\/jesuitgeneral.org\/wp-content\/uploads\/2023\/06\/nicolas-signature.png","contentUrl":"https:\/\/jesuitgeneral.org\/wp-content\/uploads\/2023\/06\/nicolas-signature.png"},{"@type":"BreadcrumbList","@id":"https:\/\/jesuitgeneral.org\/fr\/adolfo-nicolas\/#breadcrumb","itemListElement":[{"@type":"ListItem","position":1,"name":"Home","item":"https:\/\/jesuitgeneral.org\/fr\/"},{"@type":"ListItem","position":2,"name":"Adolfo Nicol\u00e1s"}]},{"@type":"WebSite","@id":"https:\/\/jesuitgeneral.org\/fr\/#website","url":"https:\/\/jesuitgeneral.org\/fr\/","name":"Jesuit Generals","description":"Site web du m\u00e9morial des sup\u00e9rieurs g\u00e9n\u00e9raux j\u00e9suites","publisher":{"@id":"https:\/\/jesuitgeneral.org\/fr\/#organization"},"potentialAction":[{"@type":"SearchAction","target":{"@type":"EntryPoint","urlTemplate":"https:\/\/jesuitgeneral.org\/fr\/?s={search_term_string}"},"query-input":{"@type":"PropertyValueSpecification","valueRequired":true,"valueName":"search_term_string"}}],"inLanguage":"fr-FR"},{"@type":"Organization","@id":"https:\/\/jesuitgeneral.org\/fr\/#organization","name":"Compagnie de J\u00e9sus","alternateName":"Jesuits","url":"https:\/\/jesuitgeneral.org\/fr\/","logo":{"@type":"ImageObject","inLanguage":"fr-FR","@id":"https:\/\/jesuitgeneral.org\/fr\/#\/schema\/logo\/image\/","url":"https:\/\/jesuitgeneral.org\/wp-content\/uploads\/2023\/06\/logo-jesuits-global-500.png","contentUrl":"https:\/\/jesuitgeneral.org\/wp-content\/uploads\/2023\/06\/logo-jesuits-global-500.png","width":500,"height":500,"caption":"Compagnie de J\u00e9sus"},"image":{"@id":"https:\/\/jesuitgeneral.org\/fr\/#\/schema\/logo\/image\/"},"sameAs":["https:\/\/www.facebook.com\/JesuitsGlobal","https:\/\/x.com\/JesuitsGlobal","https:\/\/www.instagram.com\/JesuitsGlobal\/","https:\/\/www.youtube.com\/channel\/UCpqwciWoMlKhXL1Ge3L6vug\/videos"],"mainEntityOfPage":{"@id":"https:\/\/jesuitgeneral.org\/fr\/adolfo-nicolas\/"}}]}},"_links":{"self":[{"href":"https:\/\/jesuitgeneral.org\/fr\/wp-json\/wp\/v2\/pages\/232","targetHints":{"allow":["GET"]}}],"collection":[{"href":"https:\/\/jesuitgeneral.org\/fr\/wp-json\/wp\/v2\/pages"}],"about":[{"href":"https:\/\/jesuitgeneral.org\/fr\/wp-json\/wp\/v2\/types\/page"}],"author":[{"embeddable":true,"href":"https:\/\/jesuitgeneral.org\/fr\/wp-json\/wp\/v2\/users\/1"}],"replies":[{"embeddable":true,"href":"https:\/\/jesuitgeneral.org\/fr\/wp-json\/wp\/v2\/comments?post=232"}],"version-history":[{"count":8,"href":"https:\/\/jesuitgeneral.org\/fr\/wp-json\/wp\/v2\/pages\/232\/revisions"}],"predecessor-version":[{"id":326,"href":"https:\/\/jesuitgeneral.org\/fr\/wp-json\/wp\/v2\/pages\/232\/revisions\/326"}],"wp:attachment":[{"href":"https:\/\/jesuitgeneral.org\/fr\/wp-json\/wp\/v2\/media?parent=232"}],"curies":[{"name":"wp","href":"https:\/\/api.w.org\/{rel}","templated":true}]}}